{"id":3,"date":"2020-07-15T19:54:47","date_gmt":"2020-07-15T17:54:47","guid":{"rendered":"http:\/\/lenfonal.hu\/?page_id=3"},"modified":"2024-04-01T22:24:32","modified_gmt":"2024-04-01T20:24:32","slug":"privacy-policy","status":"publish","type":"page","link":"https:\/\/lenfonal.hu\/index.php\/privacy-policy\/","title":{"rendered":"Adatkezel\u00e9si T\u00e1j\u00e9koztat\u00f3 (GDPR)"},"content":{"rendered":"\n<p><strong>BICS\u00c1K RITA<\/strong> Egy\u00e9ni v\u00e1llalkoz\u00f3<\/p>\n\n\n\n<p><strong>HAT\u00c1LYOS:<\/strong><br>2021. augusztus 16. napj\u00e1t\u00f3l<br>visszavon\u00e1sig<\/p>\n\n\n\n<h2 class=\"wp-block-heading\">1. <strong><u>Az adatkezel\u0151 adatai:<\/u><\/strong><\/h2>\n\n\n\n<p><strong><u>V\u00e1llalkoz\u00f3 neve:<\/u><\/strong> &nbsp;&nbsp;&nbsp;&nbsp;&nbsp; &nbsp;&nbsp;&nbsp;&nbsp;&nbsp;&nbsp;&nbsp;&nbsp;&nbsp;&nbsp;&nbsp; Bics\u00e1k Rita egy\u00e9ni v\u00e1llalkoz\u00f3<\/p>\n\n\n\n<p><strong><u>Sz\u00e9khely:<\/u><\/strong> &nbsp;&nbsp;&nbsp;&nbsp;&nbsp;&nbsp;&nbsp;&nbsp;&nbsp;&nbsp;&nbsp;&nbsp;&nbsp;&nbsp;&nbsp;&nbsp;&nbsp; &nbsp;&nbsp;&nbsp;&nbsp;&nbsp;&nbsp;&nbsp;&nbsp;&nbsp;&nbsp;&nbsp; 2071 P\u00e1ty, Tulip\u00e1n u. 44.<\/p>\n\n\n\n<p><strong><u>Ad\u00f3sz\u00e1m:<\/u><\/strong> &nbsp;&nbsp;&nbsp;&nbsp;&nbsp;&nbsp;&nbsp;&nbsp;&nbsp;&nbsp;&nbsp;&nbsp;&nbsp;&nbsp;&nbsp;&nbsp; &nbsp;&nbsp;&nbsp;&nbsp;&nbsp;&nbsp;&nbsp;&nbsp;&nbsp;&nbsp;&nbsp; 69367005-1-33<\/p>\n\n\n\n<p><strong><u>Nyilv\u00e1ntart\u00e1si sz\u00e1m:<\/u><\/strong>&nbsp;&nbsp;&nbsp;&nbsp;&nbsp;&nbsp;&nbsp;&nbsp;&nbsp;&nbsp;&nbsp; 53079893<\/p>\n\n\n\n<p><strong><u>Telefonsz\u00e1m:<\/u><\/strong> &nbsp;&nbsp;&nbsp;&nbsp;&nbsp;&nbsp;&nbsp;&nbsp;&nbsp;&nbsp;&nbsp;&nbsp;&nbsp;&nbsp;&nbsp;&nbsp;&nbsp;&nbsp;&nbsp;&nbsp;&nbsp;&nbsp; +3670\/218 9040<\/p>\n\n\n\n<p><strong><u>E-mail c\u00edm:<\/u><\/strong> &nbsp;&nbsp;&nbsp;&nbsp;&nbsp;&nbsp;&nbsp;&nbsp;&nbsp;&nbsp;&nbsp;&nbsp;&nbsp;&nbsp; &nbsp;&nbsp;&nbsp;&nbsp;&nbsp;&nbsp;&nbsp;&nbsp;&nbsp;&nbsp;&nbsp; <a href=\"mailto:info@\">info@<\/a>lenfonal.hu<\/p>\n\n\n\n<h2 class=\"wp-block-heading\">2. <strong><u>Az Adatkezel\u00e9si T\u00e1j\u00e9koztat\u00f3 c\u00e9lja:<\/u><\/strong><\/h2>\n\n\n\n<p>Az adatkezel\u0151 mag\u00e1ra n\u00e9zve k\u00f6telez\u0151nek ismeri el jelen jogi k\u00f6zlem\u00e9ny tartalm\u00e1t. Jelen Adatkezel\u00e9si T\u00e1j\u00e9koztat\u00f3 c\u00e9lja \u00fcgyfelei, partnerei, v\u00e1s\u00e1rl\u00f3i t\u00e1j\u00e9koztat\u00e1sa szem\u00e9lyes adataik kezel\u00e9s\u00e9t illet\u0151en. Az adatkezel\u0151 kiz\u00e1r\u00f3lag a hat\u00e1lyos jogszab\u00e1lyok rendelkez\u00e9seivel \u00f6sszhangban, az adatkezel\u00e9si \u00e9s adatv\u00e9delmi rendelkez\u00e9sek el\u0151\u00edr\u00e1sait szigor\u00faan betartva v\u00e9gzi a szem\u00e9lyes adatok kezel\u00e9s\u00e9t, figyelembe v\u00e9ve a jogszer\u0171s\u00e9g, tisztess\u00e9ges elj\u00e1r\u00e1s \u00e9s \u00e1tl\u00e1that\u00f3s\u00e1g, a c\u00e9lhoz k\u00f6t\u00f6tts\u00e9g, adattakar\u00e9koss\u00e1g, pontoss\u00e1g, korl\u00e1tozott t\u00e1rolhat\u00f3s\u00e1g alapelveit.<\/p>\n\n\n\n<p>Az adatkezel\u0151 megtesz minden olyan technikai \u00e9s szervez\u00e9si int\u00e9zked\u00e9st, hogy partnerei szem\u00e9lyes adatait biztons\u00e1gos, az Eur\u00f3pai Parlament \u00e9s a Tan\u00e1cs (EU) 2016\/679. rendelete \u00e1ltal el\u0151\u00edrt m\u00f3don kezelje.<\/p>\n\n\n\n<p>Az adatkezel\u0151 fentieknek megfelelve alak\u00edtotta ki h\u00e9tk\u00f6znapi tev\u00e9kenys\u00e9g\u00e9t, dolgozta ki szab\u00e1lyzatait, nyilv\u00e1ntart\u00e1sait, iratmint\u00e1it, t\u00e1j\u00e9koztat\u00f3it.<\/p>\n\n\n\n<p>Az adatkezel\u0151 adatkezel\u00e9seivel kapcsolatosan felmer\u00fcl\u0151 adatv\u00e9delmi ir\u00e1nyelvek folyamatosan el\u00e9rhet\u0151k az adatkezel\u0151 sz\u00e9khely\u00e9n, weboldal\u00e1n. Az adatkezel\u0151 fenntartja mag\u00e1nak a jogot jelen t\u00e1j\u00e9koztat\u00f3 b\u00e1rmikori megv\u00e1ltoztat\u00e1s\u00e1ra. Term\u00e9szetesen az esetleges v\u00e1ltoz\u00e1sokr\u00f3l kell\u0151 id\u0151ben \u00e9rtes\u00edti k\u00f6z\u00f6ns\u00e9g\u00e9t.<\/p>\n\n\n\n<p>Az adatkezel\u0151 elk\u00f6telezett \u00fcgyfelei \u00e9s partnerei szem\u00e9lyes adatainak v\u00e9delm\u00e9ben, kiemelten fontosnak tartja v\u00e1s\u00e1rl\u00f3i inform\u00e1ci\u00f3s \u00f6nrendelkez\u00e9si jog\u00e1nak tiszteletben tart\u00e1s\u00e1t. Az adatkezel\u0151 a szem\u00e9lyes adatokat bizalmasan kezeli, \u00e9s megtesz minden olyan biztons\u00e1gi, technikai \u00e9s szervez\u00e9si int\u00e9zked\u00e9st, mely az adatok biztons\u00e1g\u00e1t garant\u00e1lja. Az adatkezel\u0151 az al\u00e1bbiakban ismerteti adatkezel\u00e9si gyakorlat\u00e1t.<\/p>\n\n\n\n<h2 class=\"wp-block-heading\">3. <strong><u>Az Adatkezel\u00e9si T\u00e1j\u00e9koztat\u00f3 szem\u00e9lyi, t\u00e1rgyi \u00e9s id\u0151beli hat\u00e1lya:<\/u><\/strong><\/h2>\n\n\n\n<p>A jelen Adatkezel\u00e9si T\u00e1j\u00e9koztat\u00f3 szem\u00e9lyi hat\u00e1lya kiterjed az adatkezel\u0151re, valamint azon term\u00e9szetes szem\u00e9lyekre, akik adatait a jelen T\u00e1j\u00e9koztat\u00f3 hat\u00e1lya al\u00e1 tartoz\u00f3 adatkezel\u00e9sek tartalmazz\u00e1k, tov\u00e1bb\u00e1 azon szem\u00e9lyekre, akik jogait vagy jogos \u00e9rdekeit az adatkezel\u00e9s \u00e9rinti.<\/p>\n\n\n\n<p>A T\u00e1j\u00e9koztat\u00f3 t\u00e1rgyi hat\u00e1lya kiterjed az adatkezel\u0151 tev\u00e9kenys\u00e9ge sor\u00e1n felmer\u00fcl\u0151 \u00f6sszes adatkezel\u00e9sre.<\/p>\n\n\n\n<p>Jelen T\u00e1j\u00e9koztat\u00f3 a j\u00f3v\u00e1hagy\u00e1s napj\u00e1n l\u00e9p \u00e9rv\u00e9nybe, tov\u00e1bbi rendelkez\u00e9sig, hat\u00e1rozatlan ideig hat\u00e1lyos.<\/p>\n\n\n\n<h2 class=\"wp-block-heading\">4. <strong><u>Fontosabb fogalom meghat\u00e1roz\u00e1sok:<\/u><\/strong><\/h2>\n\n\n\n<p><span style=\"text-decoration: underline;\">Szem\u00e9lyes adat<\/span>: azonos\u00edtott vagy azonos\u00edthat\u00f3 term\u00e9szetes szem\u00e9lyre vonatkoz\u00f3 b\u00e1rmely inform\u00e1ci\u00f3. Azonos\u00edthat\u00f3 az a term\u00e9szetes szem\u00e9ly, aki k\u00f6zvetlen vagy k\u00f6zvetett m\u00f3don, k\u00fcl\u00f6n\u00f6sen valamely azonos\u00edt\u00f3, p\u00e9ld\u00e1ul n\u00e9v, sz\u00e1m, helymeghat\u00e1roz\u00f3 adat, online azonos\u00edt\u00f3, vagy a term\u00e9szetes szem\u00e9ly testi, fiziol\u00f3giai, genetikai, szellemi, gazdas\u00e1gi, kultur\u00e1lis, vagy szoci\u00e1lis azonoss\u00e1g\u00e1ra vonatkoz\u00f3 egy vagy t\u00f6bb t\u00e9nyez\u0151 alapj\u00e1n azonos\u00edthat\u00f3.<\/p>\n\n\n\n<p><span style=\"text-decoration: underline;\">K\u00fcl\u00f6nleges adat<\/span>: a szem\u00e9lyes adatok k\u00fcl\u00f6nleges kateg\u00f3ri\u00e1iba tartoz\u00f3 minden adat, azaz a faji vagy etnikai sz\u00e1rmaz\u00e1sra, politikai v\u00e9lem\u00e9nyre, vall\u00e1si vagy vil\u00e1gn\u00e9zeti meggy\u0151z\u0151d\u00e9sre vagy szakszervezeti tags\u00e1gra utal\u00f3 szem\u00e9lyes adatok, valamint a genetikai adatok, a term\u00e9szetes szem\u00e9lyek egyedi azonos\u00edt\u00e1s\u00e1t c\u00e9lz\u00f3 biometrikus adatok, az eg\u00e9szs\u00e9g\u00fcgyi adatok \u00e9s a term\u00e9szetes szem\u00e9lyek szexu\u00e1lis \u00e9let\u00e9re, vagy szexu\u00e1lis ir\u00e1nyults\u00e1g\u00e1ra vonatkoz\u00f3 szem\u00e9lyes adatok.<\/p>\n\n\n\n<p><span style=\"text-decoration: underline;\">Adatkezel\u00e9s<\/span>: a szem\u00e9lyes adatokon vagy adat\u00e1llom\u00e1nyokon automatiz\u00e1lt vagy nem automatiz\u00e1lt m\u00f3don v\u00e9gzett b\u00e1rmely m\u0171velet vagy m\u0171veletek \u00f6sszess\u00e9ge, \u00edgy a gy\u0171jt\u00e9s, r\u00f6gz\u00edt\u00e9s, rendszerez\u00e9s, tagol\u00e1s, t\u00e1rol\u00e1s, \u00e1talak\u00edt\u00e1s vagy megv\u00e1ltoztat\u00e1s, lek\u00e9rdez\u00e9s, betekint\u00e9s, felhaszn\u00e1l\u00e1s, k\u00f6zl\u00e9s-tov\u00e1bb\u00edt\u00e1s, terjeszt\u00e9s vagy egy\u00e9b m\u00f3don t\u00f6rt\u00e9n\u0151 hozz\u00e1f\u00e9rhet\u0151v\u00e9 t\u00e9tel \u00fatj\u00e1n, \u00f6sszehangol\u00e1s vagy \u00f6sszekapcsol\u00e1s, korl\u00e1toz\u00e1s, illetve megsemmis\u00edt\u00e9s.<\/p>\n\n\n\n<p><span style=\"text-decoration: underline;\">Adatkezel\u0151<\/span>: az a term\u00e9szetes vagy jogi szem\u00e9ly, k\u00f6zhatalmi szerv, \u00fcgyn\u00f6ks\u00e9g vagy b\u00e1rmely egy\u00e9b szerv, amely a szem\u00e9lyes adatok kezel\u00e9s\u00e9nek c\u00e9ljait \u00e9s eszk\u00f6zeit \u00f6n\u00e1ll\u00f3an vagy m\u00e1sokkal egy\u00fctt meghat\u00e1rozza.<\/p>\n\n\n\n<p><span style=\"text-decoration: underline;\">Adatfeldolgoz\u00f3<\/span>: az a term\u00e9szetes szem\u00e9ly vagy jogi szem\u00e9ly, k\u00f6zhatalmi szerv, \u00fcgyn\u00f6ks\u00e9g, vagy b\u00e1rmely egy\u00e9b szerv, amely az adatkezel\u0151 nev\u00e9ben szem\u00e9lyes adatokat kezel.<\/p>\n\n\n\n<p><span style=\"text-decoration: underline;\">K\u00f6z\u00f6s adatkezel\u0151k<\/span>: ha az adatkezel\u00e9s c\u00e9ljait \u00e9s eszk\u00f6zeit k\u00e9t vagy t\u00f6bb adatkezel\u0151 k\u00f6z\u00f6sen hat\u00e1rozza meg, azok k\u00f6z\u00f6s adatkezel\u0151nek min\u0151s\u00fclnek.<\/p>\n\n\n\n<p><span style=\"text-decoration: underline;\">Harmadik f\u00e9l<\/span>: az a term\u00e9szetes vagy jogi szem\u00e9ly, k\u00f6zhatalmi szerv, \u00fcgyn\u00f6ks\u00e9g vagy b\u00e1rmely egy\u00e9b szerv, amely nem azonos az \u00e9rintettel, az adatkezel\u0151vel, az adatfeldolgoz\u00f3val, vagy azokkal a szem\u00e9lyekkel, akik az adatkezel\u0151 vagy adatfeldolgoz\u00f3 k\u00f6zvetlen ir\u00e1ny\u00edt\u00e1sa alatt a szem\u00e9lyes adatok kezel\u00e9s\u00e9re felhatalmaz\u00e1st kaptak.<\/p>\n\n\n\n<p><span style=\"text-decoration: underline;\">Az \u00e9rintett hozz\u00e1j\u00e1rul\u00e1sa<\/span>: az \u00e9rintett akarat\u00e1nak \u00f6nk\u00e9ntes, konkr\u00e9t \u00e9s megfelel\u0151 t\u00e1j\u00e9koztat\u00e1son alapul\u00f3 \u00e9s egy\u00e9rtelm\u0171 kinyilv\u00e1n\u00edt\u00e1sa, amellyel az \u00e9rintett nyilatkozat vagy a meger\u0151s\u00edt\u00e9st f\u00e9lre\u00e9rthetetlen\u00fcl kifejez\u0151 cselekedet \u00fatj\u00e1n jelzi, hogy beleegyez\u00e9s\u00e9t adja az \u0151t \u00e9rint\u0151 szem\u00e9lyes adatok kezel\u00e9s\u00e9hez.<\/p>\n\n\n\n<p><span style=\"text-decoration: underline;\">Adatv\u00e9delmi incidens<\/span>: a biztons\u00e1g olyan s\u00e9r\u00fcl\u00e9se, amely a tov\u00e1bb\u00edtott, t\u00e1rolt vagy m\u00e1s m\u00f3don kezelt szem\u00e9lyes adatok v\u00e9letlen vagy jogellenes megsemmis\u00edt\u00e9s\u00e9t, elveszt\u00e9s\u00e9t, megv\u00e1ltoztat\u00e1s\u00e1t, jogosulatlan k\u00f6zl\u00e9s\u00e9t vagy az azokhoz val\u00f3 jogosulatlan hozz\u00e1f\u00e9r\u00e9st eredm\u00e9nyezi.<\/p>\n\n\n\n<h2 class=\"wp-block-heading\">5. <strong><u>Jogszer\u0171 adatkezel\u00e9s az adatkezel\u0151n\u00e9l:<\/u><\/strong><\/h2>\n\n\n\n<p>A szem\u00e9lyes adatok kezel\u00e9s\u00e9re az adatkezel\u0151n\u00e9l kiz\u00e1r\u00f3lag az al\u00e1bbi esetekben ker\u00fcl sor:<\/p>\n\n\n\n<ol class=\"wp-block-list\" type=\"1\">\n<li>ha az \u00e9rintett hozz\u00e1j\u00e1rul\u00e1s\u00e1t adta szem\u00e9lyes adatainak egy vagy t\u00f6bb konkr\u00e9t c\u00e9lb\u00f3l t\u00f6rt\u00e9n\u0151 kezel\u00e9s\u00e9hez,<\/li>\n\n\n\n<li>az adatkezel\u00e9s olyan szerz\u0151d\u00e9s teljes\u00edt\u00e9s\u00e9hez sz\u00fcks\u00e9ges, amelyben az \u00e9rintett az egyik f\u00e9l,<\/li>\n\n\n\n<li>az adatkezel\u00e9s az adatkezel\u0151re vonatkoz\u00f3 jogi k\u00f6telezetts\u00e9g teljes\u00edt\u00e9s\u00e9hez sz\u00fcks\u00e9ges,<\/li>\n\n\n\n<li>az adatkezel\u00e9s az \u00e9rintett vagy egy m\u00e1sik term\u00e9szetes szem\u00e9ly l\u00e9tfontoss\u00e1g\u00fa \u00e9rdekeinek v\u00e9delme miatt sz\u00fcks\u00e9ges,<\/li>\n\n\n\n<li>az adatkezel\u00e9s az adatkezel\u0151 vagy egy harmadik f\u00e9l jogos \u00e9rdekeinek \u00e9rv\u00e9nyes\u00edt\u00e9s\u00e9hez sz\u00fcks\u00e9ges.<\/li>\n<\/ol>\n\n\n\n<p>Az adatkezel\u00e9s jogszer\u0171s\u00e9g\u00e9t az adatkezel\u0151 a tev\u00e9kenys\u00e9ge minden f\u00e1zis\u00e1ban vizsg\u00e1lja, csak olyan adatot \u00e9s addig kezel, amelynek c\u00e9lj\u00e1t, jogalapj\u00e1t igazolni tudja. Valamely jogalap felt\u00e9tel\u00e9nek megsz\u0171n\u00e9se eset\u00e9n az adatkezel\u00e9s csak abban az esetben folytathat\u00f3, ha az adatkezel\u0151 megfelel\u0151 m\u00e1sik jogalapot tud igazolni.<\/p>\n\n\n\n<p>A jogalapok igazol\u00e1s\u00e1nak m\u00f3dja f\u0151 szab\u00e1ly szerint az \u00edr\u00e1sbelis\u00e9g, a r\u00e1utal\u00f3 magatart\u00e1ssal l\u00e9trej\u00f6tt jogalap eset\u00e9n is vizsg\u00e1lni kell, hogy az ut\u00f3lag egy\u00e9rtelm\u0171en igazolhat\u00f3-e. K\u00e9ts\u00e9g eset\u00e9n az \u00e9szszer\u0171s\u00e9g \u00e9s a gazdas\u00e1goss\u00e1g szempontjaira tekintettel t\u00f6rekedni kell a r\u00e1utal\u00f3 magatart\u00e1ssal l\u00e9trej\u00f6tt adatkezel\u00e9s \u00edr\u00e1sbeli meger\u0151s\u00edt\u00e9s\u00e9re.<\/p>\n\n\n\n<p>A hozz\u00e1j\u00e1rul\u00e1son alapul\u00f3 adatkezel\u00e9s eset\u00e9n az \u00e9rintett \u00edr\u00e1sbeli hozz\u00e1j\u00e1rul\u00e1s\u00e1t adja a szem\u00e9lyes adatai kezel\u00e9s\u00e9hez. A hozz\u00e1j\u00e1rul\u00e1s formai k\u00f6t\u00f6tts\u00e9g n\u00e9lk\u00fcli, de az ut\u00f3lagos bizony\u00edthat\u00f3s\u00e1g pap\u00edr, vagy elektronikus alap\u00fa \u00edr\u00e1sbeli hozz\u00e1j\u00e1rul\u00e1st ig\u00e9nyel.<\/p>\n\n\n\n<p>Jogi k\u00f6telezetts\u00e9g teljes\u00edt\u00e9se jogalapon alapul\u00f3 adatkezel\u00e9s az \u00e9rintett hozz\u00e1j\u00e1rul\u00e1s\u00e1t\u00f3l f\u00fcggetlen, mivel az adatkezel\u00e9st jogszab\u00e1ly hat\u00e1rozza meg.<\/p>\n\n\n\n<p>Az adatkezel\u00e9s k\u00f6telez\u0151 jelleg\u00e9t\u0151l f\u00fcggetlen\u00fcl az \u00e9rintett mag\u00e1nszem\u00e9llyel az adatkezel\u00e9s megkezd\u00e9se el\u0151tt k\u00f6z\u00f6lni kell, hogy az adatkezel\u00e9s k\u00f6telez\u0151 \u00e9s nem ker\u00fclhet\u0151 el, tov\u00e1bb\u00e1 az \u00e9rintett sz\u00e1m\u00e1ra az adatkezel\u00e9s megkezd\u00e9se el\u0151tt egy\u00e9rtelm\u0171en \u00e9s r\u00e9szletesen t\u00e1j\u00e9koztat\u00e1st kell adni az adatai kezel\u00e9s\u00e9vel kapcsolatos minden jelent\u0151s t\u00e9nyr\u0151l.<\/p>\n\n\n\n<p>A GDPR (\u00c1ltal\u00e1nos Adatv\u00e9delmi Rendelet) szerint abban az esetben is lehet\u0151s\u00e9g van szem\u00e9lyes adatok kezel\u00e9s\u00e9re, ha az adatkezel\u00e9s olyan szerz\u0151d\u00e9s teljes\u00edt\u00e9s\u00e9hez sz\u00fcks\u00e9ges, amelyben az \u00e9rintett mag\u00e1nszem\u00e9ly az egyik f\u00e9l, vagy az adatkezel\u00e9s, adatfelv\u00e9tel a szerz\u0151d\u00e9s megk\u00f6t\u00e9s\u00e9t megel\u0151z\u0151en az \u00e9rintett k\u00e9r\u00e9s\u00e9re t\u00f6rt\u00e9n\u0151 l\u00e9p\u00e9sek megt\u00e9tel\u00e9hez sz\u00fcks\u00e9ges. Az adatkezel\u0151 a szerz\u0151d\u00e9s teljes\u00edt\u00e9se jogalappal a szerz\u0151d\u00e9s megk\u00f6t\u00e9se, teljes\u00edt\u00e9se, megsz\u0171n\u00e9se c\u00e9lj\u00e1b\u00f3l kezelhet szem\u00e9lyes adatokat.<\/p>\n\n\n\n<h2 class=\"wp-block-heading\">6. <strong><u>Szem\u00e9lyes adatok kezel\u00e9se az adatkezel\u0151n\u00e9l:<\/u><\/strong><\/h2>\n\n\n\n<p>Az adatkezel\u0151 online kiskereskedelmi tev\u00e9kenys\u00e9get folytat, sz\u00f6v\u00e9shez, k\u00f6t\u00e9shez \u00e9s horgol\u00e1shoz sz\u00fcks\u00e9ges alapanyagokat, fonalakat \u00e9rt\u00e9kes\u00edt. Az adatkezel\u0151 ezen tev\u00e9kenys\u00e9g elv\u00e9gz\u00e9se sor\u00e1n ker\u00fcl kapcsolatba term\u00e9szetes szem\u00e9lyek szem\u00e9lyes adataival. Az al\u00e1bbi adatkezel\u00e9si tev\u00e9kenys\u00e9get folytatja:<\/p>\n\n\n\n<ol class=\"wp-block-list\">\n<li>Az adatkezel\u0151 kereskedelmi tev\u00e9kenys\u00e9ge kapcs\u00e1n, az \u00e1ltala forgalmazott term\u00e9kek \u00e9rt\u00e9kes\u00edt\u00e9se sor\u00e1n e-mailen, telefonon, k\u00f6z\u00f6ss\u00e9gi oldalain \u00e9s weboldal\u00e1n kereszt\u00fcl fogad megrendel\u00e9seket. A v\u00e1s\u00e1rl\u00f3k mag\u00e1nszem\u00e9lyek \u00e9s jogi szem\u00e9lyek egyar\u00e1nt lehetnek. Megrendel\u00e9s eset\u00e9n az adatkezel\u0151 a v\u00e1s\u00e1rl\u00f3 nev\u00e9t (jogi szem\u00e9ly eset\u00e9n a kapcsolattart\u00f3 nev\u00e9t is), c\u00edm\u00e9t\/sz\u00e9khely\u00e9t (sz\u00e1ml\u00e1z\u00e1si, sz\u00e1ll\u00edt\u00e1si), e-mail c\u00edm\u00e9t, telefonsz\u00e1m\u00e1t k\u00e9ri el. A szem\u00e9lyes adatok kezel\u00e9s\u00e9nek jogalapja a szerz\u0151d\u00e9sben v\u00e1llalt k\u00f6telezetts\u00e9gek teljes\u00edt\u00e9se (\u00c1ltal\u00e1nos Adatv\u00e9delmi Rendelet 6. cikk (1) bekezd\u00e9s b) pont). Jogi szem\u00e9ly eset\u00e9n a kapcsolattart\u00f3 szem\u00e9lyes adatainak kezel\u00e9s\u00e9re ker\u00fcl sor, mely az \u00e9rintett hozz\u00e1j\u00e1rul\u00e1sa alapj\u00e1n t\u00f6rt\u00e9nik (\u00c1ltal\u00e1nos Adatv\u00e9delmi Rendelet 6. cikk (1) bekezd\u00e9s a) pont). Az adatkezel\u0151 az \u00e1ltala forgalmazott term\u00e9kek ellen\u00e9rt\u00e9k\u00e9r\u0151l sz\u00e1ml\u00e1t \u00e1ll\u00edt ki. A sz\u00e1mla az \u00e9rintett nev\u00e9t, c\u00edm\u00e9t, esetleg ad\u00f3sz\u00e1m\u00e1t tartalmazza. A sz\u00e1mla ki\u00e1ll\u00edt\u00e1sa az adatkezel\u0151 jogszab\u00e1lyban r\u00f6gz\u00edtett k\u00f6telezetts\u00e9ge. A sz\u00e1ml\u00e1n szerepl\u0151 szem\u00e9lyes adatok kezel\u00e9s\u00e9nek jogalapja teh\u00e1t, jogszab\u00e1lyban \u00edrt k\u00f6telezetts\u00e9g teljes\u00edt\u00e9se (\u00c1ltal\u00e1nos Adatv\u00e9delmi Rendelet 6. cikk (1) bekezd\u00e9s c) pont). A sz\u00e1ml\u00e1n szerepl\u0151 szem\u00e9lyes adatok meg\u0151rz\u00e9se tekintet\u00e9ben az adatkezel\u0151 a jogszab\u00e1lyban \u00edrt rendelkez\u00e9seknek megfelel\u0151en j\u00e1r el, azokat 5 \u00e9vig t\u00e1rolja.<\/li>\n\n\n\n<li>Alkalmank\u00e9nt el\u0151fordul, hogy az adatkezel\u0151 v\u00e1s\u00e1rokon, egy\u00e9b rendezv\u00e9nyeken \u00e9rt\u00e9kes\u00edti term\u00e9keit. Ilyenkor a v\u00e1s\u00e1rl\u00f3 jelzi v\u00e1s\u00e1rl\u00e1si sz\u00e1nd\u00e9k\u00e1t, kiv\u00e1lasztja a megv\u00e1s\u00e1rolni k\u00edv\u00e1nt term\u00e9ket. A term\u00e9k ellen\u00e9rt\u00e9k\u00e9r\u0151l az adatkezel\u0151 sz\u00e1ml\u00e1t \u00e1ll\u00edt ki. A sz\u00e1mla a vev\u0151 nev\u00e9t, c\u00edm\u00e9t, esetenk\u00e9nt ad\u00f3sz\u00e1m\u00e1t tartalmazza. A sz\u00e1mla ki\u00e1ll\u00edt\u00e1sa az adatkezel\u0151 jogszab\u00e1lyban \u00edrt k\u00f6telezetts\u00e9ge. A szem\u00e9lyes adatok kezel\u00e9s\u00e9nek jogalapja jogszab\u00e1lyban \u00edrt k\u00f6telezetts\u00e9g teljes\u00edt\u00e9se (\u00c1ltal\u00e1nos Adatv\u00e9delmi Rendelet 6. cikk (1) bekezd\u00e9s c) pont). A szem\u00e9lyes adatokat a jogszab\u00e1lyban \u00edrt meg\u0151rz\u00e9si id\u0151 figyelembev\u00e9tel\u00e9vel \u0151rzi meg az adatkezel\u0151.<\/li>\n\n\n\n<li>Feladatai ell\u00e1t\u00e1sa sor\u00e1n az adatkezel\u0151 partnerei, v\u00e1s\u00e1rl\u00f3i e-mail c\u00edmeit, telefonsz\u00e1mait kezeli, szerz\u0151d\u00e9ses k\u00f6telezetts\u00e9gei teljes\u00edt\u00e9se (\u00c1ltal\u00e1nos Adatv\u00e9delmi Rendelet 6. cikk (1) bekezd\u00e9s b) pont), vagy egy\u00e9ni hozz\u00e1j\u00e1rul\u00e1suk \u00e9rtelm\u00e9ben (\u00c1ltal\u00e1nos Adatv\u00e9delmi Rendelet 6. cikk (1) bekezd\u00e9s a) pont).<\/li>\n\n\n\n<li>Az adatkezel\u0151 munk\u00e1ja sor\u00e1n alv\u00e1llalkoz\u00f3kkal, sz\u00e1ll\u00edt\u00f3kkal \u00e9s szolg\u00e1ltat\u00f3kkal is szerz\u0151d\u00e9ses viszonyban \u00e1llhat, ami szint\u00e9n alapot biztos\u00edt a szem\u00e9lyes adatok kezel\u00e9s\u00e9re. Ez esetben a szem\u00e9lyes adatok kezel\u00e9s\u00e9nek jogalapja (mag\u00e1nszem\u00e9ly vagy egy\u00e9ni v\u00e1llalkoz\u00f3 eset\u00e9ben) a szerz\u0151d\u00e9sben v\u00e1llalt k\u00f6telezetts\u00e9g teljes\u00edt\u00e9se (\u00c1ltal\u00e1nos Adatv\u00e9delmi Rendelet 6. cikk (1) bekezd\u00e9s b) pont), jogi szem\u00e9ly kapcsolattart\u00f3j\u00e1nak szem\u00e9lyes adatai kapcs\u00e1n az \u00e9rintett kifejezett, el\u0151zetes t\u00e1j\u00e9koztat\u00e1son alapul\u00f3 hozz\u00e1j\u00e1rul\u00e1sa (\u00c1ltal\u00e1nos Adatv\u00e9delmi Rendelet 6. cikk (1) bekezd\u00e9s a) pont).<\/li>\n\n\n\n<li>Az adatkezel\u0151 els\u0151sorban saj\u00e1t weboldal\u00e1n (<a href=\"http:\/\/www.lenfonal.hu\/\">www.lenfonal.hu<\/a>) mutatja be tev\u00e9kenys\u00e9g\u00e9t, term\u00e9keit. A honlap t\u00e1j\u00e9koztat\u00e1st ad a l\u00e1togat\u00f3k sz\u00e1m\u00e1ra az adatkezel\u0151 term\u00e9keir\u0151l \u00e9s el\u00e9rhet\u0151s\u00e9geir\u0151l. A weboldal m\u0171k\u00f6d\u00e9se sor\u00e1n cookie-kat alkalmaz, amelyek szint\u00e9n gy\u0171jtenek szem\u00e9lyes adatokat a l\u00e1togat\u00f3kr\u00f3l. Az adatkezel\u00e9s jogalapja az \u00e9rintett hozz\u00e1j\u00e1rul\u00e1sa (\u00c1ltal\u00e1nos Adatv\u00e9delmi Rendelet 6. cikk (1) bekezd\u00e9s a) pont).<\/li>\n\n\n\n<li>Az adatkezel\u0151 weboldal\u00e1n teszi k\u00f6zz\u00e9 blogbejegyz\u00e9seit. A bejegyz\u00e9sekhez n\u00e9v, e-mail c\u00edm (honlap c\u00edm) megad\u00e1s\u00e1val hozz\u00e1sz\u00f3l\u00e1st lehet r\u00f6gz\u00edteni. A hozz\u00e1sz\u00f3l\u00e1s \u00e9s a szem\u00e9lyes adatok r\u00f6gz\u00edt\u00e9s\u00e9vel az \u00e9rintett hozz\u00e1j\u00e1rul\u00e1s\u00e1t adja szem\u00e9lyes adatainak kezel\u00e9s\u00e9hez, weboldalon val\u00f3 k\u00f6zz\u00e9t\u00e9tel\u00e9hez. A szem\u00e9lyes adatok kezel\u00e9s\u00e9nek jogalapja az \u00e9rintett megfelel\u0151 t\u00e1j\u00e9koztat\u00e1son alapul\u00f3 hozz\u00e1j\u00e1rul\u00e1sa (\u00c1ltal\u00e1nos Adatv\u00e9delmi Rendelet 6. cikk (1) bekezd\u00e9s a) pont). Az \u00e9rintett nyilatkozik arr\u00f3l, hogy megismerte az adatkezel\u0151 Adatkezel\u00e9si T\u00e1j\u00e9koztat\u00f3j\u00e1t \u00e9s tudom\u00e1sul vette az abban foglaltakat. Amennyiben az \u00e9rintett ig\u00e9nyli, a szem\u00e9lyes adatainak ment\u00e9s\u00e9re is van lehet\u0151s\u00e9g. Ebben az esetben egy k\u00f6vetkez\u0151 hozz\u00e1sz\u00f3l\u00e1s r\u00f6gz\u00edt\u00e9se alkalm\u00e1val nincs sz\u00fcks\u00e9g az adatok \u00fajb\u00f3li megad\u00e1s\u00e1ra. A szem\u00e9lyes adatokat az adatkezel\u0151 m\u00e1s c\u00e9lra nem haszn\u00e1lja fel, azokat harmadik szem\u00e9lyek sz\u00e1m\u00e1ra nem teszi hozz\u00e1f\u00e9rhet\u0151v\u00e9. A weboldalon a hozz\u00e1sz\u00f3l\u00e1sn\u00e1l kiz\u00e1r\u00f3lag az \u00e9rintett neve ker\u00fcl k\u00f6zz\u00e9t\u00e9telre. Az adatkezel\u0151 az ilyen m\u00f3don r\u00f6gz\u00edtett szem\u00e9lyes adatokat az \u00e9rintett hozz\u00e1j\u00e1rul\u00e1s\u00e1nak visszavon\u00e1s\u00e1ig kezeli. Ha az \u00e9rintett a hozz\u00e1j\u00e1rul\u00e1s\u00e1t visszavonja, az adatkezel\u0151 a r\u00f6gz\u00edtett szem\u00e9lyes adatokat halad\u00e9ktalanul, de legk\u00e9s\u0151bb 3 munkanapon bel\u00fcl t\u00f6rli a rendszer\u00e9b\u0151l.<\/li>\n\n\n\n<li>Az adatkezel\u0151 tev\u00e9kenys\u00e9gei bemutat\u00e1sa c\u00e9lj\u00e1b\u00f3l, marketing c\u00e9lb\u00f3l k\u00f6z\u00f6ss\u00e9gi oldalakat is \u00fczemeltet. Itt is sor ker\u00fcl az oldalak k\u00f6vet\u0151inek adatkezel\u00e9s\u00e9re. Az adatkezel\u00e9s jogalapja az \u00e9rintett hozz\u00e1j\u00e1rul\u00e1sa (\u00c1ltal\u00e1nos Adatv\u00e9delmi Rendelet 6. cikk (1) bekezd\u00e9s a) pont).<\/li>\n\n\n\n<li>Az adatkezel\u0151 tev\u00e9kenys\u00e9g\u00e9vel kapcsolatos panaszkezel\u00e9s sor\u00e1n az adatkezel\u00e9s c\u00e9lja a panasz k\u00f6zl\u00e9s\u00e9nek lehet\u0151v\u00e9 t\u00e9tele, az \u00e9rintett \u00e9s panasza azonos\u00edt\u00e1sa, valamint a t\u00f6rv\u00e9ny szerint k\u00f6telez\u0151en r\u00f6gz\u00edtend\u0151 adatok felv\u00e9tele, illetve a panasz kivizsg\u00e1l\u00e1sa, annak rendez\u00e9s\u00e9vel \u00f6sszef\u00fcgg\u0151 kapcsolattart\u00e1s.<br>Megtett panasz eset\u00e9n az \u00fcgyint\u00e9z\u00e9s, \u00e9s \u00edgy a szem\u00e9lyes adatok kezel\u00e9se \u2013 a fogyaszt\u00f3v\u00e9delemr\u0151l sz\u00f3l\u00f3 1997. \u00e9vi CLV. t\u00f6rv\u00e9ny alapj\u00e1n \u2013 k\u00f6telez\u0151. Ennek \u00e9rtelm\u00e9ben a szem\u00e9lyes adatok kezel\u00e9s\u00e9nek jogalapja a jogszab\u00e1lyban \u00edrt k\u00f6telezetts\u00e9g teljes\u00edt\u00e9se (\u00c1ltal\u00e1nos Adatv\u00e9delmi Rendelet 6. cikk (1) bekezd\u00e9s c) pont).<\/li>\n<\/ol>\n\n\n\n<ul class=\"wp-block-list\">\n<li>Adatkezel\u0151 a fent \u00edrt adatkezel\u00e9sekr\u0151l adatkezel\u00e9si nyilv\u00e1ntart\u00e1st vezet. A nyilv\u00e1ntart\u00e1s tartalmazza a szem\u00e9lyes adatok t\u00f6rl\u00e9s\u00e9re meg\u00e1llap\u00edtott hat\u00e1rid\u0151ket is. A nyilv\u00e1ntart\u00e1s jelen Adatkezel\u00e9si T\u00e1j\u00e9koztat\u00f3 mell\u00e9klet\u00e9t k\u00e9pezi.<\/li>\n<\/ul>\n\n\n\n<h2 class=\"wp-block-heading\">7. <strong><u>Az adatkezel\u0151vel kapcsolatban \u00e1ll\u00f3 adatfeldolgoz\u00f3k:<\/u><\/strong><\/h2>\n\n\n\n<p>Ha az adatkezel\u00e9st az adatkezel\u0151 nev\u00e9ben m\u00e1s v\u00e9gzi, az adatkezel\u0151 kiz\u00e1r\u00f3lag olyan adatfeldolgoz\u00f3kat vehet ig\u00e9nybe, amelyek megfelel\u0151 garanci\u00e1kat ny\u00fajtanak az \u00c1ltal\u00e1nos Adatv\u00e9delmi Rendelet k\u00f6vetelm\u00e9nyeinek val\u00f3 megfelel\u00e9sre, vagy az \u00e9rintettek jogainak v\u00e9delm\u00e9t biztos\u00edt\u00f3, megfelel\u0151 technikai \u00e9s szervez\u00e9si int\u00e9zked\u00e9seket v\u00e9grehajtj\u00e1k.<\/p>\n\n\n\n<p>Az adatkezel\u0151 ez\u00faton nyilatkozik, hogy munk\u00e1ja sor\u00e1n kiz\u00e1r\u00f3lag olyan adatfeldolgoz\u00f3kkal l\u00e9p kapcsolatba, akik megfelel\u0151 garanci\u00e1val rendelkeznek a GDPR rendeletnek val\u00f3 megfelel\u0151s\u00e9gr\u0151l \u00e9s az \u00e9rintettek jogainak v\u00e9delm\u00e9t biztos\u00edt\u00f3, megfelel\u0151 technikai \u00e9s szervez\u00e9si int\u00e9zked\u00e9sek v\u00e9grehajt\u00e1s\u00e1r\u00f3l. Az adatfeldolgoz\u00f3k vonatkoz\u00f3 nyilatkozatai rendelkez\u00e9s\u00e9re \u00e1llnak.<\/p>\n\n\n\n<p>Az \u00e9rintettek jelen Adatkezel\u00e9si T\u00e1j\u00e9koztat\u00f3 megismer\u00e9s\u00e9vel \u00e9s tudom\u00e1sul v\u00e9tel\u00e9vel elfogadj\u00e1k, hogy adatkezel\u0151 az al\u00e1bbiakban felsorolt adatfeldolgoz\u00f3k \u00e9s k\u00f6z\u00f6s adatkezel\u0151k r\u00e9sz\u00e9re tov\u00e1bb\u00edtja szem\u00e9lyes adataikat.<\/p>\n\n\n\n<ul class=\"wp-block-list\">\n<li>Adatfeldolgoz\u00f3 az adatkezel\u0151 \u00e1ltal alkalmazott k\u00f6nyvel\u0151 c\u00e9g:\n<ul class=\"wp-block-list\">\n<li>Thurz\u00f3 Vikt\u00f3ria Veronika EV<\/li>\n\n\n\n<li>2051 Biatorb\u00e1gy, Biai G\u00e1sp\u00e1r u. 8.<\/li>\n<\/ul>\n<\/li>\n<\/ul>\n\n\n\n<ul class=\"wp-block-list\">\n<li>Adatfeldolgoz\u00f3 (\u00e9s feladatai ell\u00e1t\u00e1sa sor\u00e1n \u00f6n\u00e1ll\u00f3 adatkezel\u0151 is) az adatkezel\u0151 \u00e1ltal alkalmazott fut\u00e1r \u00e9s postai szolg\u00e1ltat\u00e1st ny\u00fajt\u00f3 c\u00e9gek:<\/li>\n\n\n\n<li><ul><li>Magyar Posta Zrt.<\/li><\/ul>\n<ul class=\"wp-block-list\">\n<li>1138 Budapest, Dunavir\u00e1g utca 2-6.<\/li>\n\n\n\n<li><\/li>\n\n\n\n<li>Packeta Hungary Kft. (csomagkuldo.hu)<\/li>\n\n\n\n<li>1044 Budapest, Ezred utca 2. B2\/11 \u00e9p\u00fclet<\/li>\n\n\n\n<li><\/li>\n\n\n\n<li>GLS General Logistics Systems Hungary Csomag-Logisztikai Kft.<\/li>\n\n\n\n<li>2351 Als\u00f3n\u00e9medi GLS Eur\u00f3pa u. 2.<\/li>\n\n\n\n<li><\/li>\n\n\n\n<li>Foxpost Zrt, 3300 Eger, Pacsirta utca 35\/A.<\/li>\n<\/ul>\n<\/li>\n<\/ul>\n\n\n\n<p><\/p>\n\n\n\n<ul class=\"wp-block-list\">\n<li>A sz\u00e1ml\u00e1k ki\u00e1ll\u00edt\u00e1s\u00e1val kapcsolatban az adatkezel\u0151 partnere:\n<ul class=\"wp-block-list\">\n<li>KBOSS.hu Kft.<\/li>\n\n\n\n<li>1031 Budapest, Z\u00e1hony utca 7. (szamlazz.hu)<\/li>\n<\/ul>\n<\/li>\n<\/ul>\n\n\n\n<ul class=\"wp-block-list\">\n<li>Az adatkezel\u0151 weboldalainak t\u00e1rhely\u00e9t biztos\u00edt\u00f3 t\u00e1rsas\u00e1g szint\u00e9n adatfeldolgoz\u00f3nak min\u0151s\u00fcl:\n<ul class=\"wp-block-list\">\n<li>MBLX Cloud Kft.<\/li>\n\n\n\n<li>6724 Szeged, \u0150sz utca 45. II\/7.<\/li>\n<\/ul>\n<\/li>\n<\/ul>\n\n\n\n<ul class=\"wp-block-list\">\n<li>Az adatkezel\u0151 levelez\u0151rendszer\u00e9nek kiszolg\u00e1l\u00f3ja is adatfeldolgoz\u00f3:<ul><li>Google Ireland Limited<\/li><\/ul>\n<ul class=\"wp-block-list\">\n<li>Gordon House, Barrow Street, Dublin 4, \u00cdrorsz\u00e1g<\/li>\n\n\n\n<li><\/li>\n\n\n\n<li>MBLX Cloud Kft.<\/li>\n\n\n\n<li>6724 Szeged, \u0150sz utca 45. II\/7.<\/li>\n<\/ul>\n<\/li>\n<\/ul>\n\n\n\n<ul class=\"wp-block-list\">\n<li>A felh\u0151 alap\u00fa online adatb\u00e1zisban t\u00f6rt\u00e9n\u0151 adatt\u00e1rol\u00e1s sor\u00e1n a szolg\u00e1ltat\u00e1s ny\u00fajt\u00f3ja adatfeldolgoz\u00f3nak min\u0151s\u00fcl:\n<ul class=\"wp-block-list\">\n<li>Google Ireland Limited<\/li>\n\n\n\n<li>Gordon House, Barrow Street, Dublin 4, \u00cdrorsz\u00e1g<\/li>\n<\/ul>\n<\/li>\n<\/ul>\n\n\n\n<ul class=\"wp-block-list\">\n<li>Az adatkezel\u0151 weboldalai \u00e1ltal alkalmazott Google Analytics szolg\u00e1ltat\u00e1s haszn\u00e1lata miatt adatfeldolgoz\u00f3:\n<ul class=\"wp-block-list\">\n<li>Google Ireland Limited<\/li>\n\n\n\n<li>Gordon House, Barrow Street, Dublin 4, \u00cdrorsz\u00e1g<\/li>\n<\/ul>\n<\/li>\n<\/ul>\n\n\n\n<div class=\"wp-block-group\"><div class=\"wp-block-group__inner-container is-layout-flow wp-block-group-is-layout-flow\">\n<ul class=\"wp-block-list\">\n<li>A k\u00f6z\u00f6ss\u00e9gi oldalak \u00e9s a weboldalakba \u00e9p\u00edtett social plug-in-ek haszn\u00e1lata miatt adatfeldolgoz\u00f3 \u00e9s k\u00f6z\u00f6s adatkezel\u0151 partner:<ul><li>Facebook Ireland Ltd.<\/li><\/ul>\n<ul class=\"wp-block-list\">\n<li>4 Grand Canal Square, Grand Canal Harbour, Dublin 2 \u00cdrorsz\u00e1g<\/li>\n\n\n\n<li><\/li>\n\n\n\n<li>LinkedIn Corporation<\/li>\n\n\n\n<li>1000 West Maude AvenueSunnyvale, CA 94085USA<\/li>\n\n\n\n<li><\/li>\n\n\n\n<li>Pinterest Europe Ltd.<\/li>\n\n\n\n<li>Palmerston House, 2nd Floor, Fenian Street, Dublin 2, \u00cdrorsz\u00e1g<\/li>\n\n\n\n<li><\/li>\n\n\n\n<li>Twitter Inc.<\/li>\n\n\n\n<li>1355 Market Street, San Francisco, CA 94103<\/li>\n<\/ul>\n<\/li>\n<\/ul>\n<\/div><\/div>\n\n\n\n<ul class=\"wp-block-list\">\n<li>A YouTube k\u00f6z\u00f6ss\u00e9gi vide\u00f3 megoszt\u00f3 oldal tulajdonosa:\n<ul class=\"wp-block-list\">\n<li>Google Ireland Limited<\/li>\n\n\n\n<li>Gordon House, Barrow Street, Dublin 4, \u00cdrorsz\u00e1g<\/li>\n<\/ul>\n<\/li>\n<\/ul>\n\n\n\n<ul class=\"wp-block-list\">\n<li>A szerz\u0151d\u00f6tt adatfeldolgoz\u00f3 \u00e9s adatkezel\u0151 partnerek kiz\u00e1r\u00f3lag az adatkezel\u0151 \u00e1ltal adott utas\u00edt\u00e1s alapj\u00e1n (kiv\u00e9ve jogi el\u0151\u00edr\u00e1s alkalmaz\u00e1sa), titoktart\u00e1si k\u00f6telezetts\u00e9get v\u00e1llalva kezelik a partnerek szem\u00e9lyes adatait.<\/li>\n<\/ul>\n\n\n\n<h2 class=\"wp-block-heading\">8. <strong><u>Az adatkezel\u0151 \u00e1ltal k\u00f6t\u00f6tt szerz\u0151d\u00e9sekkel kapcsolatos adatkezel\u00e9s:<\/u><\/strong><\/h2>\n\n\n\n<p><span style=\"text-decoration: underline;\">Vev\u0151i szerz\u0151d\u00e9sek:<\/span><\/p>\n\n\n\n<p>Az adatkezel\u0151 kereskedelmi tev\u00e9kenys\u00e9ge kapcs\u00e1n, az \u00e1ltala forgalmazott term\u00e9kek \u00e9rt\u00e9kes\u00edt\u00e9se sor\u00e1n e-mailen, telefonon, k\u00f6z\u00f6ss\u00e9gi oldalain \u00e9s weboldal\u00e1n kereszt\u00fcl fogad megrendel\u00e9seket. A v\u00e1s\u00e1rl\u00f3k mag\u00e1nszem\u00e9lyek \u00e9s jogi szem\u00e9lyek egyar\u00e1nt lehetnek. Megrendel\u00e9s eset\u00e9n az adatkezel\u0151 a v\u00e1s\u00e1rl\u00f3 nev\u00e9t (jogi szem\u00e9ly eset\u00e9n a kapcsolattart\u00f3 nev\u00e9t is), c\u00edm\u00e9t\/sz\u00e9khely\u00e9t (sz\u00e1ml\u00e1z\u00e1si, sz\u00e1ll\u00edt\u00e1si), e-mail c\u00edm\u00e9t, telefonsz\u00e1m\u00e1t k\u00e9ri el. A szem\u00e9lyes adatok kezel\u00e9s\u00e9nek jogalapja a szerz\u0151d\u00e9sben v\u00e1llalt k\u00f6telezetts\u00e9gek teljes\u00edt\u00e9se (\u00c1ltal\u00e1nos Adatv\u00e9delmi Rendelet 6. cikk (1) bekezd\u00e9s b) pont). Jogi szem\u00e9ly eset\u00e9n a kapcsolattart\u00f3 szem\u00e9lyes adatainak kezel\u00e9s\u00e9re ker\u00fcl sor, mely az \u00e9rintett hozz\u00e1j\u00e1rul\u00e1sa alapj\u00e1n t\u00f6rt\u00e9nik (\u00c1ltal\u00e1nos Adatv\u00e9delmi Rendelet 6. cikk (1) bekezd\u00e9s a) pont). Az adatkezel\u0151 az \u00e1ltala forgalmazott term\u00e9kek ellen\u00e9rt\u00e9k\u00e9r\u0151l sz\u00e1ml\u00e1t \u00e1ll\u00edt ki. A sz\u00e1mla az \u00e9rintett nev\u00e9t, c\u00edm\u00e9t, esetleg ad\u00f3sz\u00e1m\u00e1t tartalmazza. A sz\u00e1mla ki\u00e1ll\u00edt\u00e1sa az adatkezel\u0151 jogszab\u00e1lyban r\u00f6gz\u00edtett k\u00f6telezetts\u00e9ge. A sz\u00e1ml\u00e1n szerepl\u0151 szem\u00e9lyes adatok kezel\u00e9s\u00e9nek jogalapja teh\u00e1t, jogszab\u00e1lyban \u00edrt k\u00f6telezetts\u00e9g teljes\u00edt\u00e9se (\u00c1ltal\u00e1nos Adatv\u00e9delmi Rendelet 6. cikk (1) bekezd\u00e9s c) pont). A sz\u00e1ml\u00e1n szerepl\u0151 szem\u00e9lyes adatok meg\u0151rz\u00e9se tekintet\u00e9ben az adatkezel\u0151 a jogszab\u00e1lyban \u00edrt rendelkez\u00e9seknek megfelel\u0151en j\u00e1r el, azokat 5 \u00e9vig t\u00e1rolja.<\/p>\n\n\n\n<p>Alkalmank\u00e9nt el\u0151fordul, hogy az adatkezel\u0151 v\u00e1s\u00e1rokon, egy\u00e9b rendezv\u00e9nyeken \u00e9rt\u00e9kes\u00edti term\u00e9keit. Ilyenkor a v\u00e1s\u00e1rl\u00f3 jelzi v\u00e1s\u00e1rl\u00e1si sz\u00e1nd\u00e9k\u00e1t, kiv\u00e1lasztja a megv\u00e1s\u00e1rolni k\u00edv\u00e1nt term\u00e9ket. A term\u00e9k ellen\u00e9rt\u00e9k\u00e9r\u0151l az adatkezel\u0151 sz\u00e1ml\u00e1t \u00e1ll\u00edt ki. A sz\u00e1mla a vev\u0151 nev\u00e9t, c\u00edm\u00e9t, esetenk\u00e9nt ad\u00f3sz\u00e1m\u00e1t tartalmazza. A sz\u00e1mla ki\u00e1ll\u00edt\u00e1sa az adatkezel\u0151 jogszab\u00e1lyban \u00edrt k\u00f6telezetts\u00e9ge. A szem\u00e9lyes adatok kezel\u00e9s\u00e9nek jogalapja jogszab\u00e1lyban \u00edrt k\u00f6telezetts\u00e9g teljes\u00edt\u00e9se (\u00c1ltal\u00e1nos Adatv\u00e9delmi Rendelet 6. cikk (1) bekezd\u00e9s c) pont). A sz\u00e1ml\u00e1n szerepl\u0151 szem\u00e9lyes adatok meg\u0151rz\u00e9se tekintet\u00e9ben az adatkezel\u0151 a jogszab\u00e1lyban \u00edrt rendelkez\u00e9seknek megfelel\u0151en j\u00e1r el, azokat 5 \u00e9vig t\u00e1rolja.<\/p>\n\n\n\n<p><span style=\"text-decoration: underline;\">Sz\u00e1ll\u00edt\u00f3i szerz\u0151d\u00e9sek:<\/span><\/p>\n\n\n\n<p>Az adatkezel\u0151 sz\u00e1ll\u00edt\u00f3i el\u00e9rhet\u0151s\u00e9geit (n\u00e9v, e-mail c\u00edm, telefonsz\u00e1m) is kezelheti \u00e9s szolg\u00e1ltat\u00f3, alv\u00e1llalkoz\u00f3 c\u00e9gekkel is kapcsolatban \u00e1llhat. A partnerekkel val\u00f3 kapcsolattart\u00e1s \u00e9rdek\u00e9ben ezekben az esetekben is sor ker\u00fclhet szem\u00e9lyes adatok kezel\u00e9s\u00e9re (a kapcsolattart\u00f3, vagy a mag\u00e1nszem\u00e9ly, egy\u00e9ni v\u00e1llalkoz\u00f3 szem\u00e9lyes adatai). A szem\u00e9lyes adatok kezel\u00e9s\u00e9nek jogalapja a szerz\u0151d\u00e9sben v\u00e1llalt k\u00f6telezetts\u00e9g teljes\u00edt\u00e9se (\u00c1ltal\u00e1nos Adatv\u00e9delmi Rendelet 6. cikk (1) bekezd\u00e9s b) pont), vagy a kapcsolattart\u00f3 hozz\u00e1j\u00e1rul\u00e1sa (\u00c1ltal\u00e1nos Adatv\u00e9delmi Rendelet 6. cikk (1) bekezd\u00e9s a) pont).<\/p>\n\n\n\n<p>Az adatkezel\u0151, a c\u00e9gek kapcsolattart\u00f3ival hozz\u00e1j\u00e1rul\u00f3 nyilatkozatot t\u00f6lt ki, melyben t\u00e1j\u00e9koztatja \u0151ket a szem\u00e9lyes adatokkal kapcsolatos jogaikr\u00f3l \u00e9s hozz\u00e1j\u00e1rul\u00e1sukat k\u00e9ri, hogy kezelhesse adataikat. Ilyen esetekben a szem\u00e9lyes adatok kezel\u00e9s\u00e9nek jogalapja az \u00e9rintett kifejezett, \u00edr\u00e1sos, megfelel\u0151 t\u00e1j\u00e9koztat\u00e1son alapul\u00f3 hozz\u00e1j\u00e1rul\u00e1sa az adatkezel\u00e9shez (\u00c1ltal\u00e1nos Adatv\u00e9delmi Rendelet 6. cikk (1) bekezd\u00e9s a) pont). Amennyiben a partnerrel k\u00f6t\u00f6tt szerz\u0151d\u00e9s megsz\u0171nt \u00e9s jogszab\u00e1lyban \u00edrt \u0151rz\u00e9si k\u00f6telezetts\u00e9g sem vonatkozik az adatok, dokumentumok meg\u0151rz\u00e9s\u00e9re, \u00fagy a telefonsz\u00e1mok \u00e9s az e-mail c\u00edmek t\u00f6rl\u00e9sre ker\u00fclnek. A szerz\u0151d\u00e9sben \u00e9s a sz\u00e1ml\u00e1n szerepl\u0151 szem\u00e9lyes adatok meg\u0151rz\u00e9se tekintet\u00e9ben az adatkezel\u0151 a jogszab\u00e1lyban \u00edrt rendelkez\u00e9seknek megfelel\u0151en j\u00e1r el, azokat 5 \u00e9vig t\u00e1rolja.<\/p>\n\n\n\n<h2 class=\"wp-block-heading\">9. <strong><u>A vev\u0151k r\u00e9sz\u00e9re ki\u00e1ll\u00edtott sz\u00e1ml\u00e1k \u00e9s az azokon szerepl\u0151 szem\u00e9lyes adatok kezel\u00e9se:<\/u><\/strong><\/h2>\n\n\n\n<p>Az adatkezel\u0151 az \u00e1ltala \u00e9rt\u00e9kes\u00edtett term\u00e9kek ellen\u00e9rt\u00e9k\u00e9r\u0151l nyugt\u00e1t, vagy sz\u00e1ml\u00e1t \u00e1ll\u00edt ki. A nyugta nem tartalmaz szem\u00e9lyes adatokat. A sz\u00e1mla az \u00e9rintett nev\u00e9t, c\u00edm\u00e9t, esetleg ad\u00f3sz\u00e1m\u00e1t tartalmazza. A sz\u00e1mla ki\u00e1ll\u00edt\u00e1sa az adatkezel\u0151 jogszab\u00e1lyban r\u00f6gz\u00edtett k\u00f6telezetts\u00e9ge. A sz\u00e1ml\u00e1n szerepl\u0151 szem\u00e9lyes adatok kezel\u00e9s\u00e9nek jogalapja teh\u00e1t, jogszab\u00e1lyban \u00edrt k\u00f6telezetts\u00e9g teljes\u00edt\u00e9se (\u00c1ltal\u00e1nos Adatv\u00e9delmi Rendelet 6. cikk (1) bekezd\u00e9s c) pont). Az ilyen m\u00f3don r\u00f6gz\u00edtett szem\u00e9lyes adatok meg\u0151rz\u00e9se tekintet\u00e9ben az adatkezel\u0151 a jogszab\u00e1lyban \u00edrt rendelkez\u00e9seknek megfelel\u0151en j\u00e1r el, azokat 5 \u00e9vig t\u00e1rolja.<\/p>\n\n\n\n<h2 class=\"wp-block-heading\">10. <strong><u>Gyermekek adatai, a szem\u00e9lyes adatok k\u00fcl\u00f6nleges kateg\u00f3ri\u00e1inak kezel\u00e9se:<\/u><\/strong><\/h2>\n\n\n\n<p>Az \u00e9rintett az adatkezel\u0151 weboldal\u00e1n a v\u00e1s\u00e1rl\u00e1ssal, a blogbejegyz\u00e9sekhez val\u00f3 hozz\u00e1sz\u00f3l\u00e1ssal \u00e9s a weboldal \u00e1ltal alkalmazott cookie-k m\u0171k\u00f6d\u00e9s\u00e9hez val\u00f3 hozz\u00e1j\u00e1rul\u00e1ssal kapcsolatban akk\u00e9nt nyilatkozik, hogy 16. \u00e9let\u00e9v\u00e9t bet\u00f6lt\u00f6tte. 16 \u00e9ven aluli szem\u00e9ly nem v\u00e1s\u00e1rolhat ilyen m\u00f3don, nem sz\u00f3lhat hozz\u00e1 a blogbejegyz\u00e9sekhez \u00e9s a weboldal \u00e1ltal alkalmazott cookie-k adatgy\u0171jt\u00e9s\u00e9hez sem j\u00e1rulhat hozz\u00e1, tekintettel arra, hogy az \u00c1ltal\u00e1nos Adatv\u00e9delmi Rendelet (GDPR) 8. cikk (1) bekezd\u00e9se alapj\u00e1n az adatkezel\u00e9shez t\u00f6rt\u00e9n\u0151 hozz\u00e1j\u00e1rul\u00e1s\u00e1t tartalmaz\u00f3 jognyilatkozat\u00e1nak \u00e9rv\u00e9nyess\u00e9g\u00e9hez t\u00f6rv\u00e9nyes k\u00e9pvisel\u0151j\u00e9nek enged\u00e9lye sz\u00fcks\u00e9ges. Az adatkezel\u0151nek nem \u00e1ll m\u00f3dj\u00e1ban a hozz\u00e1j\u00e1rul\u00f3 szem\u00e9ly \u00e9letkor\u00e1t \u00e9s jogosults\u00e1g\u00e1t ellen\u0151rizni, \u00edgy az \u00e9rintett szavatol az\u00e9rt, hogy a megadott adatai val\u00f3sak.<\/p>\n\n\n\n<p>Az adatkezel\u0151 tudom\u00e1s\u00e1ra hozott, vagy tudom\u00e1s\u00e1ra jutott k\u00fcl\u00f6nleges adatot az adatkezel\u0151 nem r\u00f6gz\u00edti. Ha az ilyen jelleg\u0171 adat az adatkezel\u0151 tudta n\u00e9lk\u00fcl ker\u00fclt az adatkezel\u0151 b\u00e1rmely rendszer\u00e9be, azt annak \u00e9szlel\u00e9s\u00e9t k\u00f6vet\u0151en halad\u00e9ktalanul t\u00f6rli a rendszerb\u0151l.<\/p>\n\n\n\n<h2 class=\"wp-block-heading\">11. <strong><u>E-mail c\u00edmek, telefonsz\u00e1mok meg\u0151rz\u00e9se sor\u00e1n alkalmazott elj\u00e1r\u00e1s:<\/u><\/strong><\/h2>\n\n\n\n<p>Az adatkezel\u0151 tev\u00e9kenys\u00e9ge sor\u00e1n partnerei, \u00fcgyfelei, v\u00e1s\u00e1rl\u00f3i e-mail c\u00edm\u00e9t \u00e9s telefonsz\u00e1m\u00e1t is megismeri. Az ilyen m\u00f3don rendszer\u00e9be ker\u00fclt szem\u00e9lyes adatokat, els\u0151sorban szerz\u0151d\u00e9ses k\u00f6telezetts\u00e9geinek teljes\u00edt\u00e9se \u00e9rdek\u00e9ben kezeli (\u00c1ltal\u00e1nos Adatv\u00e9delmi Rendelet 6. cikk (1) bekezd\u00e9s b) pont). Amennyiben a partnerrel k\u00f6t\u00f6tt szerz\u0151d\u00e9s megsz\u0171nt \u00e9s jogszab\u00e1lyban \u00edrt \u0151rz\u00e9si k\u00f6telezetts\u00e9g sem vonatkozik az adatok, dokumentumok meg\u0151rz\u00e9s\u00e9re, \u00fagy a telefonsz\u00e1mok \u00e9s az e-mail c\u00edmek t\u00f6rl\u00e9sre ker\u00fclnek. N\u00e9h\u00e1ny esetben az adatkezel\u0151nek tov\u00e1bbra is jogos \u00e9rdeke f\u0171z\u0151dik az adatok meg\u0151rz\u00e9s\u00e9hez, ilyenkor k\u00e9ri az \u00e9rintett kifejezett \u00e9s \u00edr\u00e1sos hozz\u00e1j\u00e1rul\u00e1s\u00e1t szem\u00e9lyes adatai \u0151rz\u00e9s\u00e9hez (\u00c1ltal\u00e1nos Adatv\u00e9delmi Rendelet 6. cikk (1) bekezd\u00e9s a) pont).<\/p>\n\n\n\n<h2 class=\"wp-block-heading\">12. <strong><u>Az adatkezel\u0151 weboldala:<\/u><\/strong><\/h2>\n\n\n\n<p>Az adatkezel\u0151 els\u0151sorban saj\u00e1t weboldal\u00e1n (<a href=\"http:\/\/www.lenfonal.hu\">www.lenfonal.hu<\/a>) mutatja be tev\u00e9kenys\u00e9g\u00e9t, term\u00e9keit. A honlap t\u00e1j\u00e9koztat\u00e1st ad a l\u00e1togat\u00f3k sz\u00e1m\u00e1ra az adatkezel\u0151 el\u00e9rhet\u0151s\u00e9geir\u0151l is.<\/p>\n\n\n\n<p>Az adatkezel\u0151 weboldala m\u0171k\u00f6d\u00e9se sor\u00e1n Cookie-kat haszn\u00e1l. Az \u00e1ltaluk nyert szem\u00e9lyes adatok kezel\u00e9s\u00e9nek jogalapja a l\u00e1togat\u00f3 hozz\u00e1j\u00e1rul\u00e1sa (\u00c1ltal\u00e1nos Adatv\u00e9delmi Rendelet 6. cikk (1) bekezd\u00e9s a) pont).<\/p>\n\n\n\n<p><span style=\"text-decoration: underline;\">Cookie-k (S\u00fctik):<\/span><\/p>\n\n\n\n<p>A s\u00fctik feladata:<\/p>\n\n\n\n<ul class=\"wp-block-list\">\n<li>inform\u00e1ci\u00f3kat gy\u0171jtenek a l\u00e1togat\u00f3kr\u00f3l \u00e9s eszk\u00f6zeikr\u0151l;<\/li>\n\n\n\n<li>megjegyzik a l\u00e1togat\u00f3k egy\u00e9ni be\u00e1ll\u00edt\u00e1sait, amelyek felhaszn\u00e1l\u00e1sra ker\u00fcl(het)nek;<\/li>\n\n\n\n<li>megk\u00f6nny\u00edtik a weboldal haszn\u00e1lat\u00e1t;<\/li>\n\n\n\n<li>min\u0151s\u00e9gi felhaszn\u00e1l\u00f3i \u00e9lm\u00e9nyt biztos\u00edtanak.<\/li>\n<\/ul>\n\n\n\n<p>A testre szabott kiszolg\u00e1l\u00e1s \u00e9rdek\u00e9ben a felhaszn\u00e1l\u00f3 sz\u00e1m\u00edt\u00f3g\u00e9p\u00e9n kis adatcsomagot, \u00fan. s\u00fctit (Cookie) helyez el \u00e9s a k\u00e9s\u0151bbi l\u00e1togat\u00e1s sor\u00e1n olvas vissza. Ha a b\u00f6ng\u00e9sz\u0151 visszak\u00fcld egy kor\u00e1bban elmentett s\u00fctit, a s\u00fctit kezel\u0151 szolg\u00e1ltat\u00f3nak lehet\u0151s\u00e9ge van \u00f6sszekapcsolni a felhaszn\u00e1l\u00f3 aktu\u00e1lis l\u00e1togat\u00e1s\u00e1t a kor\u00e1bbiakkal, de kiz\u00e1r\u00f3lag a saj\u00e1t tartalma tekintet\u00e9ben.<\/p>\n\n\n\n<p><span style=\"text-decoration: underline;\">Felt\u00e9tlen\u00fcl sz\u00fcks\u00e9ges, munkamenet (session) Cookie-k:<\/span><\/p>\n\n\n\n<p>Ezen s\u00fctik c\u00e9lja, hogy a l\u00e1togat\u00f3k marad\u00e9ktalanul \u00e9s z\u00f6kken\u0151mentesen b\u00f6ng\u00e9szhess\u00e9k a weboldalt, haszn\u00e1lhass\u00e1k annak funkci\u00f3it, \u00e9s az ott el\u00e9rhet\u0151 szolg\u00e1ltat\u00e1sokat. Az ilyen t\u00edpus\u00fa s\u00fctik \u00e9rv\u00e9nyess\u00e9gi ideje a munkamenet (b\u00f6ng\u00e9sz\u00e9s) befejez\u00e9s\u00e9ig tart, a b\u00f6ng\u00e9sz\u0151 bez\u00e1r\u00e1s\u00e1val a s\u00fctik e fajt\u00e1ja automatikusan t\u00f6rl\u0151dik a sz\u00e1m\u00edt\u00f3g\u00e9pr\u0151l, illetve a b\u00f6ng\u00e9sz\u00e9sre haszn\u00e1lt m\u00e1s eszk\u00f6zr\u0151l.<\/p>\n\n\n\n<p><span style=\"text-decoration: underline;\">Az \u00e9rintett v\u00e1laszt\u00e1sa a Cookie-kal kapcsolatban:<\/span><\/p>\n\n\n\n<p><span style=\"text-decoration: underline;\">Webb\u00f6ng\u00e9sz\u0151 Cookie-k:<\/span><\/p>\n\n\n\n<p>A b\u00f6ng\u00e9sz\u0151 be\u00e1ll\u00edt\u00e1saiban az \u00e9rintett elfogadhatja, vagy elutas\u00edthatja az \u00faj Cookie-kat \u00e9s t\u00f6r\u00f6lheti a megl\u00e9v\u0151 Cookie-kat. Azt is be\u00e1ll\u00edthatja a b\u00f6ng\u00e9sz\u0151ben, hogy az minden alkalommal \u00e9rtes\u00edtse, amikor \u00faj Cookie-kat helyeznek el a sz\u00e1m\u00edt\u00f3g\u00e9pben, vagy m\u00e1s eszk\u00f6z\u00f6n. A Cookie-k kezel\u00e9s\u00e9vel kapcsolatban tov\u00e1bbi inform\u00e1ci\u00f3kat tal\u00e1lhat a b\u00f6ng\u00e9sz\u0151 \u201ehelp\u201d funkci\u00f3j\u00e1ban.<\/p>\n\n\n\n<p>Ha a l\u00e1togat\u00f3 \u00fagy d\u00f6nt, hogy n\u00e9h\u00e1ny, vagy az \u00f6sszes Cookie-t kikapcsolja, nem fogja tudni haszn\u00e1lni a weboldal valamennyi funkci\u00f3j\u00e1t.<\/p>\n\n\n\n<p><span style=\"text-decoration: underline;\">Harmadik f\u00e9l \u00e1ltal elhelyezett Cookie-k (analitika):<\/span><\/p>\n\n\n\n<p>Az adatkezel\u0151 weboldala alkalmazza a Google Analytics, mint harmadik f\u00e9l s\u00fctijeit is. A Google Analytics webelemz\u0151, statisztikai c\u00e9l\u00fa szolg\u00e1ltat\u00e1s haszn\u00e1lat\u00e1val az adatkezel\u0151 inform\u00e1ci\u00f3kat gy\u0171jt azzal kapcsolatban, hogy a l\u00e1togat\u00f3k hogyan haszn\u00e1lj\u00e1k a weboldalt. Az adatot a honlap fejleszt\u00e9s\u00e9nek \u00e9s a felhaszn\u00e1l\u00f3i \u00e9lm\u00e9ny jav\u00edt\u00e1s\u00e1nak c\u00e9lj\u00e1val haszn\u00e1lja fel. Ezen s\u00fctik szint\u00e9n lej\u00e1ratukig a l\u00e1togat\u00f3 sz\u00e1m\u00edt\u00f3g\u00e9p\u00e9n vagy b\u00f6ng\u00e9sz\u00e9sre haszn\u00e1lt m\u00e1s eszk\u00f6z\u00e9n, annak b\u00f6ng\u00e9sz\u0151j\u00e9ben maradnak, illetve am\u00edg a l\u00e1togat\u00f3 nem t\u00f6rli \u0151ket.<\/p>\n\n\n\n<p>Ha a webhelyek vagy az alkalmaz\u00e1sok a Google Analytics szolg\u00e1ltat\u00e1st a Google m\u00e1s hirdet\u00e9si term\u00e9keivel \u2013 p\u00e9ld\u00e1ul a Google Ads rendszerrel \u2013 egy\u00fctt haszn\u00e1lj\u00e1k, akkor egy\u00e9b hirdet\u00e9si azonos\u00edt\u00f3kat is gy\u0171jthetnek. A felhaszn\u00e1l\u00f3k a Hirdet\u00e9sbe\u00e1ll\u00edt\u00e1sok k\u00f6z\u00f6tt kapcsolhatj\u00e1k ki ezt a szolg\u00e1ltat\u00e1st, illetve m\u00f3dos\u00edthatj\u00e1k a cookie-k haszn\u00e1lat\u00e1ra vonatkoz\u00f3 be\u00e1ll\u00edt\u00e1sokat.<\/p>\n\n\n\n<p>A Google Analytics az\u00e9rt gy\u0171jti a felhaszn\u00e1l\u00f3k IP-c\u00edm\u00e9t, hogy meg\u00f3vja a szolg\u00e1ltat\u00e1s biztons\u00e1g\u00e1t, illetve hogy a webhelytulajdonosok k\u00e9pet alkothassanak arr\u00f3l, hogy l\u00e1togat\u00f3ik mely orsz\u00e1gb\u00f3l, \u00e1llamb\u00f3l vagy v\u00e1rosb\u00f3l \u00e9rkeznek (ezt \u201eIP szerinti f\u00f6ldrajzihely-meghat\u00e1roz\u00e1snak\u201d is nevezik). A Google Analytics lehet\u0151s\u00e9get k\u00edn\u00e1l a gy\u0171jt\u00f6tt IP-c\u00edmek maszkol\u00e1s\u00e1ra, azonban a webhelytulajdonosok akkor is l\u00e1thatj\u00e1k a felhaszn\u00e1l\u00f3k IP-c\u00edm\u00e9t, ha nem haszn\u00e1lj\u00e1k a Google Analytics szolg\u00e1ltat\u00e1st.<\/p>\n\n\n\n<p>A Google Analytics keret\u00e9ben a l\u00e1togat\u00f3 b\u00f6ng\u00e9sz\u0151je \u00e1ltal tov\u00e1bb\u00edtott IP-c\u00edmet nem vezetik \u00f6ssze a Google m\u00e1s adataival. A s\u00fctik t\u00e1rol\u00e1s\u00e1t a b\u00f6ng\u00e9sz\u0151 szoftvere megfelel\u0151 be\u00e1ll\u00edt\u00e1s\u00e1val megakad\u00e1lyozhatja, azonban ebben az esetben a l\u00e1togat\u00f3 esetleg nem tudja a weboldal valamennyi funkci\u00f3j\u00e1t teljes k\u00f6r\u0171en haszn\u00e1lni.<\/p>\n\n\n\n<p>Ezen k\u00edv\u00fcl a l\u00e1togat\u00f3 megakad\u00e1lyozhatja a s\u00fctik \u00e1ltal l\u00e9trehozott \u00e9s a weboldal l\u00e1togat\u00f3 \u00e1ltali haszn\u00e1lat\u00e1ra vonatkoz\u00f3 adatok (IP-c\u00edm\u00e9vel egy\u00fctt) Google \u00e1ltali gy\u0171jt\u00e9s\u00e9t, valamint ezeknek az adatoknak Google \u00e1ltali feldolgoz\u00e1s\u00e1t, amennyiben let\u00f6lti \u00e9s install\u00e1lja a lenti link alatti b\u00f6ng\u00e9sz\u0151-plugint.<\/p>\n\n\n\n<p>Az aktu\u00e1lis link: <a href=\"http:\/\/www.google.com\/policies\/privacy\/ads\/\">http:\/\/www.google.com\/policies\/privacy\/ads\/<\/a>.<\/p>\n\n\n\n<p>A Google a Google Analytics \u00e9s \u00edgy az adatkezel\u0151 adatfeldolgoz\u00f3jak\u00e9nt tev\u00e9kenykedik.<\/p>\n\n\n\n<p>Az \u00c1ltal\u00e1nos Adatv\u00e9delmi Rendelet (GDPR) rendelkez\u00e9sei szerint a Google Analytics az adatfeldolgoz\u00f3, mivel a Google Analytics adatokat gy\u0171jt \u00e9s dolgoz fel az \u00fcgyfelei (p\u00e9ld\u00e1ul az adatkezel\u0151) nev\u00e9ben, ezeknek az \u00fcgyfeleknek az utas\u00edt\u00e1sai szerint. A Google csak a Google Analytics-\u00fcgyfelekkel k\u00f6t\u00f6tt szerz\u0151d\u00e9sek felt\u00e9telei, valamint a term\u00e9keinek a kezel\u0151fel\u00fclet\u00e9n az \u00fcgyfelek \u00e1ltal megadott be\u00e1ll\u00edt\u00e1sok szerint haszn\u00e1lhatja az adatokat.<\/p>\n\n\n\n<p>A Google Analytics bels\u0151 cookie-kat, az eszk\u00f6zzel\/b\u00f6ng\u00e9sz\u0151vel kapcsolatos adatokat, IP-c\u00edmeket, illetve a webhelyen\/alkalmaz\u00e1sban v\u00e9gzett tev\u00e9kenys\u00e9geket gy\u0171jt. Ezeket az adatokat az\u00e9rt gy\u0171jti, mert ezek alapj\u00e1n az adatok alapj\u00e1n tudja m\u00e9rni, illetve statisztikai jelent\u00e9sekben r\u00f6gz\u00edteni a felhaszn\u00e1l\u00f3k \u00e1ltal az olyan webhelyeken \u00e9s\/vagy alkalmaz\u00e1sokban v\u00e9gzett m\u0171veleteket, amelyek a Google Analytics szolg\u00e1ltat\u00e1st haszn\u00e1lj\u00e1k. Az \u00fcgyfelek szem\u00e9lyre szabhatj\u00e1k a cookie-kat, valamint a gy\u0171jt\u00f6tt adatok k\u00f6r\u00e9t az olyan funkci\u00f3kkal, mint a cookie-be\u00e1ll\u00edt\u00e1sok, a User-ID, az Adatok import\u00e1l\u00e1sa \u00e9s a Measurement Protocol.<\/p>\n\n\n\n<p>A Google Analytics alkalmaz\u00e1sokhoz SDK-t haszn\u00e1l\u00f3 \u00fcgyfelek eset\u00e9n a Google egy alkalmaz\u00e1sp\u00e9ld\u00e1ny-azonos\u00edt\u00f3t gy\u0171jt. Ez egy olyan sz\u00e1m, amelyet a rendszer v\u00e9letlenszer\u0171en \u00e1ll\u00edt el\u0151 akkor, amikor a felhaszn\u00e1l\u00f3 el\u0151sz\u00f6r telep\u00edt egy alkalmaz\u00e1st.<\/p>\n\n\n\n<p>A Google Analytics arra haszn\u00e1lja az IP-c\u00edmeket, hogy kik\u00f6vetkeztesse a l\u00e1togat\u00f3k f\u00f6ldrajzi hely\u00e9t, valamint arra, hogy megv\u00e9dje a szolg\u00e1ltat\u00e1st \u00e9s az \u00fcgyfeleit. Az \u00fcgyfelek bekapcsolhatj\u00e1k az IP-maszkol\u00e1s nev\u0171 funkci\u00f3t, amelynek haszn\u00e1latakor a Google Analytics a gy\u0171jt\u00f6tt IP-c\u00edm eg\u00e9sze helyett csak az IP-c\u00edm egy r\u00e9sz\u00e9t haszn\u00e1lja fel. Tov\u00e1bb\u00e1 az \u00fcgyfelek ig\u00e9ny szerint fel\u00fcl is b\u00edr\u00e1lhatj\u00e1k az IP-c\u00edmeket az IP-fel\u00fclb\u00edr\u00e1l\u00e1si funkci\u00f3val.<\/p>\n\n\n\n<p>A Google a Google Analytics szolg\u00e1ltat\u00e1sban kezelt adatokat arra haszn\u00e1lja, hogy az \u00fcgyfelei sz\u00e1m\u00e1ra biztos\u00edtsa a Google Analytics m\u00e9r\u00e9si szolg\u00e1ltat\u00e1st. Az azonos\u00edt\u00f3kkal \u2013 \u00edgy p\u00e9ld\u00e1ul a cookie-kal \u00e9s az alkalmaz\u00e1sp\u00e9ld\u00e1ny-azonos\u00edt\u00f3kkal \u2013 azt m\u00e9ri, hogy a felhaszn\u00e1l\u00f3k milyen m\u0171veleteket v\u00e9geznek az \u00fcgyfelek webhelyeivel \u00e9s\/vagy alkalmaz\u00e1saival. Az IP-c\u00edmeket a szolg\u00e1ltat\u00e1s biztons\u00e1g\u00e1nak meg\u0151rz\u00e9s\u00e9hez, valamint arra haszn\u00e1lja, hogy a webhelytulajdonosoknak \u00e1ttekint\u00e9st tudjon adni arr\u00f3l, hogy a felhaszn\u00e1l\u00f3ik a vil\u00e1g mely t\u00e1j\u00e1r\u00f3l \u00e9rkeznek.<\/p>\n\n\n\n<p><span style=\"text-decoration: underline;\">Social plug-in-ek alkalmaz\u00e1sa:<\/span><\/p>\n\n\n\n<p>Az adatkezel\u0151 weboldala alkalmazza a k\u00f6z\u00f6ss\u00e9gi oldalak be\u00e1gyazott tartalmait is. Ezekben az esetekben a k\u00f6z\u00f6ss\u00e9gi oldal \u00fczemeltet\u0151j\u00e9vel k\u00f6z\u00f6s adatkezel\u00e9s val\u00f3sul meg. Az adatkezel\u00e9si jogalapja az \u00e9rintett hozz\u00e1j\u00e1rul\u00e1sa (\u00c1ltal\u00e1nos Adatv\u00e9delmi Rendelet 6. cikk (1) bekezd\u00e9s a) pont), melyet a cookiek-r\u00f3l val\u00f3 adatgy\u0171jt\u00e9ssel kapcsolatos t\u00e1j\u00e9koztat\u00e1s elfogad\u00e1s\u00e1val, az adatgy\u0171jt\u00e9shez val\u00f3 hozz\u00e1j\u00e1rul\u00e1ssal tesz meg.<\/p>\n\n\n\n<p><span style=\"text-decoration: underline;\">Facebook pixel (Facebook cookie):<\/span><\/p>\n\n\n\n<p>A Facebook k\u00e9ppont olyan k\u00f3d, amelynek a seg\u00edts\u00e9g\u00e9vel a honlapon jelent\u00e9s k\u00e9sz\u00fcl a konverzi\u00f3kr\u00f3l, c\u00e9lk\u00f6z\u00f6ns\u00e9gek \u00e1ll\u00edthat\u00f3k \u00f6ssze \u00e9s az oldal tulajdonosa r\u00e9szletes elemz\u00e9si adatokat kap a l\u00e1togat\u00f3k honlap haszn\u00e1lat\u00e1r\u00f3l. A Facebook pixel seg\u00edts\u00e9g\u00e9vel a Facebook fel\u00fclet\u00e9n a weboldal l\u00e1togat\u00f3i sz\u00e1m\u00e1ra szem\u00e9lyre szabott aj\u00e1nlatok, hirdet\u00e9sek jelenhetnek meg. Az adatkezel\u0151 weboldala alkalmazza a Facebook pixelt. Az adatkezel\u00e9si jogalapja az \u00e9rintett hozz\u00e1j\u00e1rul\u00e1sa (\u00c1ltal\u00e1nos Adatv\u00e9delmi Rendelet 6. cikk (1) bekezd\u00e9s a) pont), melyet a cookiek-r\u00f3l val\u00f3 adatgy\u0171jt\u00e9ssel kapcsolatos t\u00e1j\u00e9koztat\u00e1s elfogad\u00e1s\u00e1val, az adatgy\u0171jt\u00e9shez val\u00f3 hozz\u00e1j\u00e1rul\u00e1ssal tesz meg.<\/p>\n\n\n\n<p>Az \u00e9rintett az adatkezel\u0151 weboldal\u00e1n a cookie-k haszn\u00e1lat\u00e1nak elfogad\u00e1s\u00e1val kapcsolatban akk\u00e9nt nyilatkozik, hogy 16. \u00e9let\u00e9v\u00e9t bet\u00f6lt\u00f6tte. 16 \u00e9ven aluli szem\u00e9ly a weboldal \u00e1ltal alkalmazott cookie-k elfogad\u00e1s\u00e1r\u00f3l vagy elutas\u00edt\u00e1s\u00e1r\u00f3l nem nyilatkozhat, tekintettel arra, hogy az \u00c1ltal\u00e1nos Adatv\u00e9delmi Rendelet (GDPR) 8. cikk (1) bekezd\u00e9se alapj\u00e1n az adatkezel\u00e9shez t\u00f6rt\u00e9n\u0151 hozz\u00e1j\u00e1rul\u00e1s\u00e1t tartalmaz\u00f3 jognyilatkozat\u00e1nak \u00e9rv\u00e9nyess\u00e9g\u00e9hez t\u00f6rv\u00e9nyes k\u00e9pvisel\u0151j\u00e9nek enged\u00e9lye sz\u00fcks\u00e9ges. Az adatkezel\u0151nek nem \u00e1ll m\u00f3dj\u00e1ban a hozz\u00e1j\u00e1rul\u00f3 szem\u00e9ly \u00e9letkor\u00e1t \u00e9s jogosults\u00e1g\u00e1t ellen\u0151rizni, \u00edgy az \u00e9rintett szavatol az\u00e9rt, hogy a megadott adatai val\u00f3sak.<\/p>\n\n\n\n<p><span style=\"text-decoration: underline;\">A blogbejegyz\u00e9sekhez val\u00f3 hozz\u00e1sz\u00f3l\u00e1s sor\u00e1n megval\u00f3sul\u00f3 szem\u00e9lyes adatkezel\u00e9s:<\/span><\/p>\n\n\n\n<p>Az adatkezel\u0151 weboldal\u00e1n teszi k\u00f6zz\u00e9 blogbejegyz\u00e9seit. A bejegyz\u00e9sekhez n\u00e9v, e-mail c\u00edm (honlap c\u00edm) megad\u00e1s\u00e1val hozz\u00e1sz\u00f3l\u00e1st lehet r\u00f6gz\u00edteni. A hozz\u00e1sz\u00f3l\u00e1s \u00e9s a szem\u00e9lyes adatok r\u00f6gz\u00edt\u00e9s\u00e9vel az \u00e9rintett hozz\u00e1j\u00e1rul\u00e1s\u00e1t adja szem\u00e9lyes adatainak kezel\u00e9s\u00e9hez, weboldalon val\u00f3 k\u00f6zz\u00e9t\u00e9tel\u00e9hez. A szem\u00e9lyes adatok kezel\u00e9s\u00e9nek jogalapja az \u00e9rintett megfelel\u0151 t\u00e1j\u00e9koztat\u00e1son alapul\u00f3 hozz\u00e1j\u00e1rul\u00e1sa (\u00c1ltal\u00e1nos Adatv\u00e9delmi Rendelet 6. cikk (1) bekezd\u00e9s a) pont). Az \u00e9rintett nyilatkozik arr\u00f3l, hogy megismerte az adatkezel\u0151 Adatkezel\u00e9si T\u00e1j\u00e9koztat\u00f3j\u00e1t \u00e9s tudom\u00e1sul vette az abban foglaltakat. Amennyiben az \u00e9rintett ig\u00e9nyli, a szem\u00e9lyes adatainak ment\u00e9s\u00e9re is van lehet\u0151s\u00e9g. Ebben az esetben egy k\u00f6vetkez\u0151 hozz\u00e1sz\u00f3l\u00e1s r\u00f6gz\u00edt\u00e9se alkalm\u00e1val nincs sz\u00fcks\u00e9g az adatok \u00fajb\u00f3li megad\u00e1s\u00e1ra. A szem\u00e9lyes adatokat az adatkezel\u0151 m\u00e1s c\u00e9lra nem haszn\u00e1lja fel, azokat harmadik szem\u00e9lyek sz\u00e1m\u00e1ra nem teszi hozz\u00e1f\u00e9rhet\u0151v\u00e9. A weboldalon a hozz\u00e1sz\u00f3l\u00e1sn\u00e1l kiz\u00e1r\u00f3lag az \u00e9rintett neve ker\u00fcl k\u00f6zz\u00e9t\u00e9telre. Az adatkezel\u0151 az ilyen m\u00f3don r\u00f6gz\u00edtett szem\u00e9lyes adatokat az \u00e9rintett hozz\u00e1j\u00e1rul\u00e1s\u00e1nak visszavon\u00e1s\u00e1ig kezeli. Ha az \u00e9rintett a hozz\u00e1j\u00e1rul\u00e1s\u00e1t visszavonja, az adatkezel\u0151 a r\u00f6gz\u00edtett szem\u00e9lyes adatokat halad\u00e9ktalanul, de legk\u00e9s\u0151bb 3 munkanapon bel\u00fcl t\u00f6rli a rendszer\u00e9b\u0151l.<\/p>\n\n\n\n<p>Az \u00e9rintett az adatkezel\u0151 weboldal\u00e1n a blogbejegyz\u00e9sekhez val\u00f3 hozz\u00e1sz\u00f3l\u00e1ssal kapcsolatban akk\u00e9nt nyilatkozik, hogy 16. \u00e9let\u00e9v\u00e9t bet\u00f6lt\u00f6tte. 16 \u00e9ven aluli szem\u00e9ly nem sz\u00f3lhat hozz\u00e1 a blogbejegyz\u00e9sekhez, tekintettel arra, hogy az \u00c1ltal\u00e1nos Adatv\u00e9delmi Rendelet (GDPR) 8. cikk (1) bekezd\u00e9se alapj\u00e1n az adatkezel\u00e9shez t\u00f6rt\u00e9n\u0151 hozz\u00e1j\u00e1rul\u00e1s\u00e1t tartalmaz\u00f3 jognyilatkozat\u00e1nak \u00e9rv\u00e9nyess\u00e9g\u00e9hez t\u00f6rv\u00e9nyes k\u00e9pvisel\u0151j\u00e9nek enged\u00e9lye sz\u00fcks\u00e9ges. Az adatkezel\u0151nek nem \u00e1ll m\u00f3dj\u00e1ban a hozz\u00e1j\u00e1rul\u00f3 szem\u00e9ly \u00e9letkor\u00e1t \u00e9s jogosults\u00e1g\u00e1t ellen\u0151rizni, \u00edgy az \u00e9rintett szavatol az\u00e9rt, hogy a megadott adatai val\u00f3sak.<\/p>\n\n\n\n<p><span style=\"text-decoration: underline;\">A v\u00e1s\u00e1rl\u00e1ssal kapcsolatos szem\u00e9lyes adatkezel\u00e9s:<\/span><\/p>\n\n\n\n<p>Az adatkezel\u0151 kereskedelmi tev\u00e9kenys\u00e9ge kapcs\u00e1n, az \u00e1ltala forgalmazott term\u00e9kek \u00e9rt\u00e9kes\u00edt\u00e9se sor\u00e1n weboldal\u00e1n kereszt\u00fcl is fogad megrendel\u00e9seket. A v\u00e1s\u00e1rl\u00f3k mag\u00e1nszem\u00e9lyek \u00e9s jogi szem\u00e9lyek egyar\u00e1nt lehetnek. Megrendel\u00e9s eset\u00e9n az adatkezel\u0151 a v\u00e1s\u00e1rl\u00f3 nev\u00e9t (jogi szem\u00e9ly eset\u00e9n a kapcsolattart\u00f3 nev\u00e9t is), c\u00edm\u00e9t\/sz\u00e9khely\u00e9t (sz\u00e1ml\u00e1z\u00e1si, sz\u00e1ll\u00edt\u00e1si), e-mail c\u00edm\u00e9t, telefonsz\u00e1m\u00e1t k\u00e9ri el. A szem\u00e9lyes adatok kezel\u00e9s\u00e9nek jogalapja a szerz\u0151d\u00e9sben v\u00e1llalt k\u00f6telezetts\u00e9gek teljes\u00edt\u00e9se (\u00c1ltal\u00e1nos Adatv\u00e9delmi Rendelet 6. cikk (1) bekezd\u00e9s b) pont). Jogi szem\u00e9ly eset\u00e9n a kapcsolattart\u00f3 szem\u00e9lyes adatainak kezel\u00e9s\u00e9re ker\u00fcl sor, mely az \u00e9rintett hozz\u00e1j\u00e1rul\u00e1sa alapj\u00e1n t\u00f6rt\u00e9nik (\u00c1ltal\u00e1nos Adatv\u00e9delmi Rendelet 6. cikk (1) bekezd\u00e9s a) pont). Az adatkezel\u0151 az \u00e1ltala forgalmazott term\u00e9kek ellen\u00e9rt\u00e9k\u00e9r\u0151l sz\u00e1ml\u00e1t \u00e1ll\u00edt ki. A sz\u00e1mla az \u00e9rintett nev\u00e9t, c\u00edm\u00e9t, esetleg ad\u00f3sz\u00e1m\u00e1t tartalmazza. A sz\u00e1mla ki\u00e1ll\u00edt\u00e1sa az adatkezel\u0151 jogszab\u00e1lyban r\u00f6gz\u00edtett k\u00f6telezetts\u00e9ge. A sz\u00e1ml\u00e1n szerepl\u0151 szem\u00e9lyes adatok kezel\u00e9s\u00e9nek jogalapja teh\u00e1t, jogszab\u00e1lyban \u00edrt k\u00f6telezetts\u00e9g teljes\u00edt\u00e9se (\u00c1ltal\u00e1nos Adatv\u00e9delmi Rendelet 6. cikk (1) bekezd\u00e9s c) pont). A sz\u00e1ml\u00e1n szerepl\u0151 szem\u00e9lyes adatok meg\u0151rz\u00e9se tekintet\u00e9ben az adatkezel\u0151 a jogszab\u00e1lyban \u00edrt rendelkez\u00e9seknek megfelel\u0151en j\u00e1r el, azokat 5 \u00e9vig t\u00e1rolja.<\/p>\n\n\n\n<p>Az \u00e9rintett az adatkezel\u0151 weboldal\u00e1n a v\u00e1s\u00e1rl\u00e1ssal kapcsolatban akk\u00e9nt nyilatkozik, hogy 16. \u00e9let\u00e9v\u00e9t bet\u00f6lt\u00f6tte. 16 \u00e9ven aluli szem\u00e9ly nem v\u00e1s\u00e1rolhat ilyen m\u00f3don, tekintettel arra, hogy az \u00c1ltal\u00e1nos Adatv\u00e9delmi Rendelet (GDPR) 8. cikk (1) bekezd\u00e9se alapj\u00e1n az adatkezel\u00e9shez t\u00f6rt\u00e9n\u0151 hozz\u00e1j\u00e1rul\u00e1s\u00e1t tartalmaz\u00f3 jognyilatkozat\u00e1nak \u00e9rv\u00e9nyess\u00e9g\u00e9hez t\u00f6rv\u00e9nyes k\u00e9pvisel\u0151j\u00e9nek enged\u00e9lye sz\u00fcks\u00e9ges. Az adatkezel\u0151nek nem \u00e1ll m\u00f3dj\u00e1ban a hozz\u00e1j\u00e1rul\u00f3 szem\u00e9ly \u00e9letkor\u00e1t \u00e9s jogosults\u00e1g\u00e1t ellen\u0151rizni, \u00edgy az \u00e9rintett szavatol az\u00e9rt, hogy a megadott adatai val\u00f3sak.<\/p>\n\n\n\n<h2 class=\"wp-block-heading\">13. <strong><u>Az adatkezel\u0151 k\u00f6z\u00f6ss\u00e9gi oldalai:<\/u><\/strong><\/h2>\n\n\n\n<p>Az adatkezel\u0151 Facebook oldalt is \u00fczemeltet, itt is sor ker\u00fcl a szem\u00e9lyes adatok kezel\u00e9s\u00e9re. Az adatkezel\u0151 a Facebook oldalon is n\u00e9pszer\u0171s\u00edti tev\u00e9kenys\u00e9g\u00e9t, bemutatja term\u00e9keit. Ezt az oldalt az adatkezel\u0151 marketing c\u00e9lokra haszn\u00e1lja, annak \u00e9rdek\u00e9ben, hogy az \u00e9rdekl\u0151d\u0151k megismerj\u00e9k az \u00e1ltala forgalmazott term\u00e9keket.<\/p>\n\n\n\n<figure class=\"wp-block-embed-facebook wp-block-embed\"><div class=\"wp-block-embed__wrapper\">\nhttps:\/\/www.facebook.com\/lenfonal\/\n<\/div><\/figure>\n\n\n\n<p>Az adatkezel\u0151 a Facebookon kereszt\u00fcl is \u00e1tfog\u00f3 szem\u00e9lyes t\u00e1mogat\u00e1st ny\u00fajt. Ha a Facebookon kereszt\u00fcl int\u00e9z k\u00e9rd\u00e9st hozz\u00e1, igyekszik azt min\u00e9l el\u0151bb megv\u00e1laszolni. A Facebook oldalon tudom\u00e1s\u00e1ra jutott adatokat kiz\u00e1r\u00f3lag k\u00e9rd\u00e9s\u00e9nek megv\u00e1laszol\u00e1s\u00e1hoz haszn\u00e1lja, tov\u00e1bbi rekl\u00e1m c\u00e9lokra nem.&nbsp;<\/p>\n\n\n\n<p>A Facebook oldal haszn\u00e1lat\u00e1nak c\u00e9lja: k\u00f6z\u00f6ss\u00e9gi m\u00e9dia fel\u00fcleten t\u00f6rt\u00e9n\u0151 rekl\u00e1moz\u00e1s, inform\u00e1ci\u00f3k k\u00f6zl\u00e9se. A Facebook a saj\u00e1t c\u00e9ljaira is haszn\u00e1lhatja az adatokat, k\u00f6zt\u00fck az \u00e9rintett profiloz\u00e1s\u00e1t \u00e9s hirdet\u00e9sekkel val\u00f3 megc\u00e9lz\u00e1s\u00e1t.<\/p>\n\n\n\n<p>Ahhoz, hogy a Facebookon kereszt\u00fcl kapcsolatba tudjon l\u00e9pni az adatkezel\u0151vel, be kell jelentkeznie. Ehhez a Facebook adott esetben szint\u00e9n szem\u00e9lyes adatokat k\u00e9r, illetve t\u00e1rolja \u00e9s feldolgozza azokat. Az adatkezel\u0151nek nincs befoly\u00e1sa ezeknek az adatoknak a fajt\u00e1j\u00e1ra, terjedelm\u00e9re \u00e9s feldolgoz\u00e1s\u00e1ra, nem kap szem\u00e9lyes adatokat a Facebook \u00fczemeltet\u0151j\u00e9t\u0151l. Tov\u00e1bbi inform\u00e1ci\u00f3t ezzel kapcsolatban a Facebook oldal\u00e1n tal\u00e1l.<\/p>\n\n\n\n<p>A Facebook oldalon k\u00f6vet\u0151k szem\u00e9lyes adatait az adatkezel\u0151 hozz\u00e1j\u00e1rul\u00e1suk \u00e9rtelm\u00e9ben kezeli (\u00c1ltal\u00e1nos Adatv\u00e9delmi Rendelet 6. cikk (1) bekezd\u00e9s a) pont), a hozz\u00e1j\u00e1rul\u00e1st megadottnak tekinti azzal, hogy az adott szem\u00e9ly kedveli, k\u00f6veti oldal\u00e1t, bejegyz\u00e9seit, illetve kommentet \u00edr azokhoz.<\/p>\n\n\n\n<p>Az adatkezel\u0151 az Instagram k\u00f6z\u00f6ss\u00e9gi oldalon is jelen van az al\u00e1bbi elnevez\u00e9s\u0171 profillal:<\/p>\n\n\n\n<figure class=\"wp-block-embed\"><div class=\"wp-block-embed__wrapper\">\nhttps:\/\/www.instagram.com\/lenfonal\/\n<\/div><\/figure>\n\n\n\n<p>Az Instagram oldalon a k\u00f6vet\u0151k szem\u00e9lyes adatainak kezel\u00e9s\u00e9re ker\u00fcl sor. Az adatkezel\u00e9s a k\u00f6vet\u00e9ssel adott hozz\u00e1j\u00e1rul\u00e1s jogalappal t\u00f6rt\u00e9nik (\u00c1ltal\u00e1nos Adatv\u00e9delmi Rendelet 6. cikk (1) bekezd\u00e9s a) pont).<\/p>\n\n\n\n<p>Az adatkezel\u0151 tov\u00e1bbi k\u00f6z\u00f6ss\u00e9gi oldalai, ahol az adatkezel\u00e9s jogalapja szint\u00e9n az \u00e9rintett hozz\u00e1j\u00e1rul\u00e1sa (\u00c1ltal\u00e1nos Adatv\u00e9delmi Rendelet 6. cikk (1) bekezd\u00e9s a) pont):<\/p>\n\n\n\n<figure class=\"wp-block-embed is-type-rich is-provider-pinterest wp-block-embed-pinterest\"><div class=\"wp-block-embed__wrapper\">\n<iframe loading=\"lazy\" title=\"Rita Bics\u00e1k\" src=\"https:\/\/assets.pinterest.com\/ext\/embed.html?grid=bicsakrita&#038;src=oembed\" height=\"900\" width=\"450\" frameborder=\"0\" scrolling=\"no\" ><\/iframe>\n<\/div><\/figure>\n\n\n\n<figure class=\"wp-block-embed\"><div class=\"wp-block-embed__wrapper\">\nhttps:\/\/www.youtube.com\/channel\/UC6EIyPiemmrk4ca5Wsh9I6Q\n<\/div><\/figure>\n\n\n\n<figure class=\"wp-block-embed is-type-rich is-provider-twitter wp-block-embed-twitter\"><div class=\"wp-block-embed__wrapper\">\n<a class=\"twitter-timeline\" data-width=\"500\" data-height=\"750\" data-dnt=\"true\" href=\"https:\/\/twitter.com\/MorcsiMuhely?ref_src=twsrc%5Etfw\">Tweets by MorcsiMuhely<\/a><script async src=\"https:\/\/platform.twitter.com\/widgets.js\" charset=\"utf-8\"><\/script>\n<\/div><\/figure>\n\n\n\n<h2 class=\"wp-block-heading\">14. <strong><u>A felh\u0151 alap\u00fa alkalmaz\u00e1sok haszn\u00e1lata sor\u00e1n megval\u00f3sul\u00f3 szem\u00e9lyes adatkezel\u00e9s:<\/u><\/strong><\/h2>\n\n\n\n<p>Az adatkezel\u0151 els\u0151sorban a dokumentumok t\u00e1rol\u00e1s\u00e1ra, megoszt\u00e1s\u00e1ra \u00e9s biztons\u00e1gi ment\u00e9s\u00e9re alkalmaz felh\u0151 alap\u00fa szolg\u00e1ltat\u00e1sokat. Az ilyen szolg\u00e1ltat\u00e1sok k\u00f6z\u00f6s jellemz\u0151je, hogy azt nem a felhaszn\u00e1l\u00f3 sz\u00e1m\u00edt\u00f3g\u00e9pe, hanem egy t\u00e1voli szerver, a vil\u00e1g b\u00e1rmely pontj\u00e1n elhelyezhet\u0151 szerverk\u00f6zpont ny\u00fajtja. Ilyen szolg\u00e1ltat\u00e1st ny\u00fajtanak az online t\u00e1rhelyek is. A felh\u0151alkalmaz\u00e1sok nagy el\u0151nye, hogy f\u00f6ldrajzi helyt\u0151l l\u00e9nyeg\u00e9ben f\u00fcggetlen, nagy biztons\u00e1g\u00fa, rugalmasan b\u0151v\u00edthet\u0151 informatikai t\u00e1rol\u00f3 \u00e9s feldolgoz\u00f3 kapacit\u00e1st ny\u00fajtanak.<\/p>\n\n\n\n<p>Ezekben az esetekben a felh\u0151szolg\u00e1ltat\u00f3 adatfeldolgoz\u00f3nak tekinthet\u0151, aki a szem\u00e9lyes adatokat az adatkezel\u0151 \u00e9rdek\u00e9ben dolgozza fel. A felh\u0151szolg\u00e1ltat\u00f3k k\u00f6telesek a szem\u00e9lyes adatok bizalmas kezel\u00e9s\u00e9re, \u00e9s csak az adatkezel\u0151 utas\u00edt\u00e1s\u00e1ra v\u00e9gezhetnek adatfeldolgoz\u00e1st.<\/p>\n\n\n\n<p>Az adatkezel\u0151 a lehet\u0151 legnagyobb odafigyel\u00e9ssel v\u00e1lasztja meg a felh\u0151szolg\u00e1ltat\u00e1sokat biztos\u00edt\u00f3 partnereit, minden, \u00e1ltal\u00e1ban elv\u00e1rhat\u00f3 int\u00e9zked\u00e9st megtesz, hogy azokkal partnerei, v\u00e1s\u00e1rl\u00f3i adatbiztons\u00e1gi \u00e9rdekeit is szem el\u0151tt tart\u00f3 szerz\u0151d\u00e9st k\u00f6ss\u00f6n, azok adatkezel\u00e9si elvei sz\u00e1m\u00e1ra \u00e1tl\u00e1that\u00f3ak legyenek \u00e9s az adatbiztons\u00e1got rendszeresen ellen\u0151rzi.<\/p>\n\n\n\n<p>A felh\u0151 alap\u00fa t\u00e1rhelyek jelsz\u00f3val v\u00e9dettek, az ott t\u00e1rolt adatokhoz kiz\u00e1r\u00f3lag az adatkezel\u0151 f\u00e9rhet hozz\u00e1.<\/p>\n\n\n\n<p>Az adatkezel\u0151 partnerei a felh\u0151 alap\u00fa alkalmaz\u00e1sok ig\u00e9nybev\u00e9tel\u00e9hez sz\u00fcks\u00e9ges adattov\u00e1bb\u00edt\u00e1shoz jelen Adatkezel\u00e9si T\u00e1j\u00e9koztat\u00f3 elfogad\u00e1s\u00e1val kifejezetten hozz\u00e1j\u00e1rulnak. Az adatkezel\u00e9s jogalapja az \u00e9rintett hozz\u00e1j\u00e1rul\u00e1sa (\u00c1ltal\u00e1nos Adatv\u00e9delmi Rendelet 6. cikk (1) bekezd\u00e9s a) pont).<\/p>\n\n\n\n<h2 class=\"wp-block-heading\">15. <strong><u>Az adatkezel\u0151 tev\u00e9kenys\u00e9g\u00e9vel kapcsolatos panaszkezel\u00e9s:<\/u><\/strong><\/h2>\n\n\n\n<p>Az adatkezel\u0151 tev\u00e9kenys\u00e9g\u00e9vel kapcsolatos panaszkezel\u00e9s sor\u00e1n az adatkezel\u00e9s c\u00e9lja a panasz k\u00f6zl\u00e9s\u00e9nek lehet\u0151v\u00e9 t\u00e9tele, az \u00e9rintett \u00e9s panasza azonos\u00edt\u00e1sa, valamint a t\u00f6rv\u00e9ny szerint k\u00f6telez\u0151en r\u00f6gz\u00edtend\u0151 adatok felv\u00e9tele, illetve a panasz kivizsg\u00e1l\u00e1sa, annak rendez\u00e9s\u00e9vel \u00f6sszef\u00fcgg\u0151 kapcsolattart\u00e1s.<\/p>\n\n\n\n<p>Megtett panasz eset\u00e9n az \u00fcgyint\u00e9z\u00e9s, \u00e9s \u00edgy a szem\u00e9lyes adatok kezel\u00e9se \u2013 a fogyaszt\u00f3v\u00e9delemr\u0151l sz\u00f3l\u00f3 1997. \u00e9vi CLV. t\u00f6rv\u00e9ny alapj\u00e1n \u2013 k\u00f6telez\u0151. Ennek \u00e9rtelm\u00e9ben a szem\u00e9lyes adatok kezel\u00e9s\u00e9nek jogalapja a jogszab\u00e1lyban \u00edrt k\u00f6telezetts\u00e9g teljes\u00edt\u00e9se (\u00c1ltal\u00e1nos Adatv\u00e9delmi Rendelet 6. cikk (1) bekezd\u00e9s c) pont).<\/p>\n\n\n\n<p>Az adatkezel\u0151 a panaszr\u00f3l felvett jegyz\u0151k\u00f6nyvet \u00e9s a v\u00e1lasz m\u00e1solati p\u00e9ld\u00e1ny\u00e1t 5 \u00e9vig meg\u0151rzi, ennek alapj\u00e1n a szem\u00e9lyes adatokat is ezen id\u0151tartam alatt kezeli.<\/p>\n\n\n\n<h2 class=\"wp-block-heading\">16. <strong><u>Az adatkezel\u00e9s biztons\u00e1ga:<\/u><\/strong><\/h2>\n\n\n\n<p>Az adatkezel\u0151 k\u00f6telezi mag\u00e1t arra, hogy gondoskodik az adatok biztons\u00e1g\u00e1r\u00f3l, megteszi tov\u00e1bb\u00e1 azokat a technikai \u00e9s szervez\u00e9si int\u00e9zked\u00e9seket \u00e9s fenntartja azokat az elj\u00e1r\u00e1si szab\u00e1lyokat, amelyek biztos\u00edtj\u00e1k, hogy a felvett, t\u00e1rolt, illetve kezelt adatok v\u00e9dettek legyenek, illet\u0151leg megakad\u00e1lyozza azok megsemmis\u00fcl\u00e9s\u00e9t, jogosulatlan felhaszn\u00e1l\u00e1s\u00e1t \u00e9s jogosulatlan megv\u00e1ltoztat\u00e1s\u00e1t. K\u00f6telezi mag\u00e1t arra is, hogy minden olyan harmadik felet, akinek az adatokat tov\u00e1bb\u00edtja, vagy \u00e1tadja, felh\u00edvja, hogy tegyenek eleget az adatbiztons\u00e1g k\u00f6vetelm\u00e9ny\u00e9nek.<\/p>\n\n\n\n<p>Az adatkezel\u0151 gondoskodik arr\u00f3l, hogy a kezelt adatokhoz illet\u00e9ktelen szem\u00e9ly ne f\u00e9rhessen hozz\u00e1, ne hozhassa nyilv\u00e1noss\u00e1gra, ne tov\u00e1bb\u00edthassa, valamint azokat ne m\u00f3dos\u00edthassa, t\u00f6r\u00f6lhesse. A kezelt adatokat kiz\u00e1r\u00f3lag az adatkezel\u0151 \u00e9s az \u00e1ltala ig\u00e9nybe vett adatfeldolgoz\u00f3(k) ismerheti(k) meg, azokat harmadik, az adat megismer\u00e9s\u00e9re jogosults\u00e1ggal nem rendelkez\u0151 szem\u00e9lynek nem adja \u00e1t.<\/p>\n\n\n\n<p>Az adatkezel\u0151 fokozottan \u00fcgyel partnerei, v\u00e1s\u00e1rl\u00f3i szem\u00e9lyes adatainak biztons\u00e1g\u00e1ra. A jogszab\u00e1lyi rendelkez\u00e9sek marad\u00e9ktalan betart\u00e1sa mellett j\u00e1r el \u00e9s ezt megk\u00f6veteli valamennyi partner\u00e9t\u0151l is. A szem\u00e9lyes adatok v\u00e9delme mag\u00e1ban foglalja a fizikai adatv\u00e9delmet is (a dokumentumok z\u00e1rhat\u00f3 helyis\u00e9gben val\u00f3 t\u00e1rol\u00e1sa), valamint az informatikai v\u00e9delmet (v\u00edrusirt\u00f3, t\u0171zfal, jelsz\u00f3v\u00e9delem haszn\u00e1lata) is.<\/p>\n\n\n\n<p>Az adatkezel\u0151 az \u00e9rintett \u00e1ltal megadott szem\u00e9lyes adatokat els\u0151dlegesen a jelen Adatkezel\u00e9si T\u00e1j\u00e9koztat\u00f3ban megadott adatfeldolgoz\u00f3(k) szok\u00e1sos v\u00e9delmi rendszerekkel ell\u00e1tott szerverein, r\u00e9szben a saj\u00e1t informatikai eszk\u00f6zein, pap\u00edr adathordoz\u00f3 eset\u00e9n sz\u00e9khely\u00e9n, megfelel\u0151en elz\u00e1rva t\u00e1rolja.<\/p>\n\n\n\n<p>Az \u00e9rintettek elismerik \u00e9s elfogadj\u00e1k, hogy szem\u00e9lyes adataik megad\u00e1sa eset\u00e9n az adatok v\u00e9delme teljes m\u00e9rt\u00e9kben az interneten \u00e9s a sz\u00e1m\u00edt\u00f3g\u00e9pes rendszerben nem garant\u00e1lhat\u00f3. Jogosulatlan hozz\u00e1f\u00e9r\u00e9s vagy adatmegismer\u00e9s \u2013 adatkezel\u0151 er\u0151fesz\u00edt\u00e9seinek ellen\u00e9re t\u00f6rt\u00e9n\u0151 \u2013 bek\u00f6vetkez\u00e9sekor a jelen t\u00e1j\u00e9koztat\u00f3ban \u00edrtak szerint sz\u00fcks\u00e9ges elj\u00e1rni.<\/p>\n\n\n\n<h2 class=\"wp-block-heading\">17. <strong><u>Az adatkezel\u00e9ssel \u00e9rintettek jogai:<\/u><\/strong><\/h2>\n\n\n\n<ul class=\"wp-block-list\">\n<li><strong><span style=\"text-decoration: underline;\">\u00c1tl\u00e1that\u00f3 t\u00e1j\u00e9koztat\u00e1s:<\/span><\/strong><\/li>\n<\/ul>\n\n\n\n<p>Jelen Adatkezel\u00e9si T\u00e1j\u00e9koztat\u00f3 is azt a c\u00e9lt szolg\u00e1lja, hogy vil\u00e1gos, t\u00f6m\u00f6r, \u00e1tl\u00e1that\u00f3, \u00e9rthet\u0151 inform\u00e1ci\u00f3kat ny\u00fajtson az adatkezel\u0151n\u00e9l alkalmazott adatkezel\u00e9si tev\u00e9kenys\u00e9gr\u0151l.<\/p>\n\n\n\n<ul class=\"wp-block-list\">\n<li><strong><span style=\"text-decoration: underline;\">Hozz\u00e1f\u00e9r\u00e9si jog:<\/span><\/strong><\/li>\n<\/ul>\n\n\n\n<p>Az \u00e9rintett jogosult arra, hogy az adatkezel\u0151t\u0151l visszajelz\u00e9st kapjon arra vonatkoz\u00f3an, hogy szem\u00e9lyes adatainak kezel\u00e9se folyamatban van-e, \u00e9s ha ilyen adatkezel\u00e9s folyamatban van, jogosult arra, hogy a szem\u00e9lyes adatokhoz \u00e9s a k\u00f6vetkez\u0151 inform\u00e1ci\u00f3khoz hozz\u00e1f\u00e9r\u00e9st kapjon:<\/p>\n\n\n\n<ul class=\"wp-block-list\">\n<li>az adatkezel\u00e9s c\u00e9lja,<\/li>\n\n\n\n<li>az \u00e9rintett szem\u00e9lyes adatok kateg\u00f3ri\u00e1i,<\/li>\n\n\n\n<li>azon c\u00edmzettek, akikkel a szem\u00e9lyes adatokat k\u00f6z\u00f6lt\u00e9k,<\/li>\n\n\n\n<li>a szem\u00e9lyes adatok t\u00e1rol\u00e1s\u00e1nak tervezett id\u0151tartama.<\/li>\n<\/ul>\n\n\n\n<p><strong>Az adatkezel\u0151t\u0151l a fenti adatokr\u00f3l t\u00e1j\u00e9koztat\u00e1st k\u00e9rhet az al\u00e1bbi c\u00edmen, e-mail c\u00edmen:<\/strong><\/p>\n\n\n\n<p><strong>Bics\u00e1k Rita egy\u00e9ni v\u00e1llalkoz\u00f3 2071 P\u00e1ty, Tulip\u00e1n u. 44.<\/strong><\/p>\n\n\n\n<p><strong>E-mail: <a href=\"mailto:morcsi@morcsimuhely.hu\">info@lenfonal.hu<\/a><\/strong><\/p>\n\n\n\n<p>Az adatkezel\u0151 ez\u00faton t\u00e1j\u00e9koztatja \u00d6nt, hogy megkeres\u00e9s\u00e9re 30 napon bel\u00fcl v\u00e1laszol. A postai \u00faton k\u00fcld\u00f6tt t\u00e1j\u00e9koztat\u00e1si k\u00e9relmekre postai \u00faton, az e-mailen k\u00fcld\u00f6tt k\u00e9relmekre, e-mail \u00fatj\u00e1n v\u00e1laszol az \u00e9rintetteknek.<\/p>\n\n\n\n<ul class=\"wp-block-list\">\n<li><strong><span style=\"text-decoration: underline;\">Helyesb\u00edt\u00e9shez val\u00f3 jog:<\/span><\/strong><\/li>\n<\/ul>\n\n\n\n<p>Az \u00e9rintett jogosult arra, hogy k\u00e9r\u00e9s\u00e9re az adatkezel\u0151 helyesb\u00edtse a r\u00e1 vonatkoz\u00f3 pontatlan szem\u00e9lyes adatokat.<\/p>\n\n\n\n<p><strong>Az adatkezel\u0151t\u0151l a fenti adatokr\u00f3l t\u00e1j\u00e9koztat\u00e1st k\u00e9rhet az al\u00e1bbi c\u00edmen, e-mail c\u00edmen:<\/strong><\/p>\n\n\n\n<p><strong>Bics\u00e1k Rita egy\u00e9ni v\u00e1llalkoz\u00f3 2071 P\u00e1ty, Tulip\u00e1n u. 44.<\/strong><\/p>\n\n\n\n<p><strong>E-mail: <a href=\"mailto:morcsi@morcsimuhely.hu\">info@lenfonal.hu<\/a><\/strong><\/p>\n\n\n\n<p>Az adatkezel\u0151 ez\u00faton t\u00e1j\u00e9koztatja \u00d6nt, hogy megkeres\u00e9s\u00e9re 30 napon bel\u00fcl v\u00e1laszol. A postai \u00faton k\u00fcld\u00f6tt t\u00e1j\u00e9koztat\u00e1si k\u00e9relmekre postai \u00faton, az e-mailen k\u00fcld\u00f6tt k\u00e9relmekre, e-mail \u00fatj\u00e1n v\u00e1laszol az \u00e9rintetteknek.<\/p>\n\n\n\n<ul class=\"wp-block-list\">\n<li><strong><span style=\"text-decoration: underline;\">T\u00f6rl\u00e9shez val\u00f3 jog:<\/span><\/strong><\/li>\n<\/ul>\n\n\n\n<p>Az \u00e9rintett jogosult arra, hogy k\u00e9r\u00e9s\u00e9re az adatkezel\u0151 t\u00f6r\u00f6lje a r\u00e1 vonatkoz\u00f3 szem\u00e9lyes adatokat. Az adatkezel\u0151 \u2013 ezen k\u00e9relem alapj\u00e1n \u2013 k\u00f6teles t\u00f6r\u00f6lni a szem\u00e9lyes adatokat, ha az al\u00e1bbi indokok valamelyike fenn\u00e1ll:<\/p>\n\n\n\n<ul class=\"wp-block-list\">\n<li>a szem\u00e9lyes adatokra m\u00e1r nincs sz\u00fcks\u00e9g abb\u00f3l a c\u00e9lb\u00f3l, amelyb\u0151l azokat gy\u0171jt\u00f6tt\u00e9k,<\/li>\n\n\n\n<li>az \u00e9rintett visszavonja kor\u00e1bban adott hozz\u00e1j\u00e1rul\u00e1s\u00e1t \u00e9s az adatkezel\u00e9snek nincs m\u00e1s jogalapja,<\/li>\n\n\n\n<li>az \u00e9rintett tiltakozik az adatkezel\u00e9s ellen \u00e9s nincs els\u0151bbs\u00e9get \u00e9lvez\u0151 jogszer\u0171 ok az adatkezel\u00e9sre,<\/li>\n\n\n\n<li>a szem\u00e9lyes adatokat jogellenesen kezelt\u00e9k,<\/li>\n\n\n\n<li>uni\u00f3s vagy tag\u00e1llami jogban el\u0151\u00edrt jogi k\u00f6telezetts\u00e9g teljes\u00edt\u00e9s\u00e9hez sz\u00fcks\u00e9ges t\u00f6r\u00f6lni az adatokat.<\/li>\n<\/ul>\n\n\n\n<p><strong>Az adatkezel\u0151t\u0151l a fenti adatokr\u00f3l t\u00e1j\u00e9koztat\u00e1st k\u00e9rhet az al\u00e1bbi c\u00edmen, e-mail c\u00edmen:<\/strong><\/p>\n\n\n\n<p><strong>Bics\u00e1k Rita egy\u00e9ni v\u00e1llalkoz\u00f3 2071 P\u00e1ty, Tulip\u00e1n u. 44.<\/strong><\/p>\n\n\n\n<p><strong>E-mail: <a href=\"mailto:morcsi@morcsimuhely.hu\">info@lenfonal.hu<\/a><\/strong><\/p>\n\n\n\n<p>Az adatkezel\u0151 ez\u00faton t\u00e1j\u00e9koztatja \u00d6nt, hogy megkeres\u00e9s\u00e9re 30 napon bel\u00fcl v\u00e1laszol. A postai \u00faton k\u00fcld\u00f6tt t\u00e1j\u00e9koztat\u00e1si k\u00e9relmekre postai \u00faton, az e-mailen k\u00fcld\u00f6tt k\u00e9relmekre, e-mail \u00fatj\u00e1n v\u00e1laszol az \u00e9rintetteknek.<\/p>\n\n\n\n<ul class=\"wp-block-list\">\n<li><strong><span style=\"text-decoration: underline;\">Adatkezel\u00e9s korl\u00e1toz\u00e1s\u00e1hoz val\u00f3 jog:<\/span><\/strong><\/li>\n<\/ul>\n\n\n\n<p>\u00c9rintett jogosult k\u00e9rni, hogy az adatkezel\u0151 korl\u00e1tozza az adatkezel\u00e9st, els\u0151sorban akkor, ha:<\/p>\n\n\n\n<ul class=\"wp-block-list\">\n<li>vitatja az adatok pontoss\u00e1g\u00e1t,<\/li>\n\n\n\n<li>jogellenesnek tartja az adatkezel\u00e9st, de valamilyen okb\u00f3l m\u00e9gsem k\u00e9ri az adatok t\u00f6rl\u00e9s\u00e9t.<\/li>\n<\/ul>\n\n\n\n<p><strong>Az adatkezel\u0151t\u0151l a fenti adatokr\u00f3l t\u00e1j\u00e9koztat\u00e1st k\u00e9rhet az al\u00e1bbi c\u00edmen, e-mail c\u00edmen:<\/strong><\/p>\n\n\n\n<p><strong>Bics\u00e1k Rita egy\u00e9ni v\u00e1llalkoz\u00f3 2071 P\u00e1ty, Tulip\u00e1n u. 44.<\/strong><\/p>\n\n\n\n<p><strong>E-mail: <a href=\"mailto:morcsi@morcsimuhely.hu\">info@lenfonal.hu<\/a><\/strong><\/p>\n\n\n\n<p>Az adatkezel\u0151 ez\u00faton t\u00e1j\u00e9koztatja \u00d6nt, hogy megkeres\u00e9s\u00e9re 30 napon bel\u00fcl v\u00e1laszol. A postai \u00faton k\u00fcld\u00f6tt t\u00e1j\u00e9koztat\u00e1si k\u00e9relmekre postai \u00faton, az e-mailen k\u00fcld\u00f6tt k\u00e9relmekre, e-mail \u00fatj\u00e1n v\u00e1laszol az \u00e9rintetteknek.<\/p>\n\n\n\n<ul class=\"wp-block-list\">\n<li><strong><span style=\"text-decoration: underline;\">Adathordozhat\u00f3s\u00e1ghoz val\u00f3 jog:<\/span><\/strong><\/li>\n<\/ul>\n\n\n\n<p>Az \u00e9rintett jogosult arra, hogy a r\u00e1 vonatkoz\u00f3 szem\u00e9lyes adatokat tagolt, sz\u00e9les k\u00f6rben haszn\u00e1lt, g\u00e9ppel olvashat\u00f3 form\u00e1tumban megkapja, tov\u00e1bb\u00e1 jogosult arra, hogy ezeket az adatokat egy m\u00e1sik adatkezel\u0151nek tov\u00e1bb\u00edtsa.<\/p>\n\n\n\n<p><strong>Az adatkezel\u0151t\u0151l a fenti adatokr\u00f3l t\u00e1j\u00e9koztat\u00e1st k\u00e9rhet az al\u00e1bbi c\u00edmen, e-mail c\u00edmen:<\/strong><\/p>\n\n\n\n<p><strong>Bics\u00e1k Rita egy\u00e9ni v\u00e1llalkoz\u00f3 2071 P\u00e1ty, Tulip\u00e1n u. 44.<\/strong><\/p>\n\n\n\n<p><strong>E-mail: <a href=\"mailto:morcsi@morcsimuhely.hu\">info@lenfonal.hu<\/a><\/strong><\/p>\n\n\n\n<p>Az adatkezel\u0151 ez\u00faton t\u00e1j\u00e9koztatja \u00d6nt, hogy megkeres\u00e9s\u00e9re 30 napon bel\u00fcl v\u00e1laszol. A postai \u00faton k\u00fcld\u00f6tt t\u00e1j\u00e9koztat\u00e1si k\u00e9relmekre postai \u00faton, az e-mailen k\u00fcld\u00f6tt k\u00e9relmekre, e-mail \u00fatj\u00e1n v\u00e1laszol az \u00e9rintetteknek.<\/p>\n\n\n\n<ul class=\"wp-block-list\">\n<li><strong><span style=\"text-decoration: underline;\">Tiltakoz\u00e1shoz val\u00f3 jog:<\/span><\/strong><\/li>\n<\/ul>\n\n\n\n<p>Az \u00e9rintett jogosult arra, hogy a saj\u00e1t helyzet\u00e9vel kapcsolatos okokb\u00f3l, b\u00e1rmikor tiltakozzon szem\u00e9lyes adatainak kezel\u00e9se ellen, az Eur\u00f3pai Parlament \u00e9s a Tan\u00e1cs (EU) 2016\/679. rendelet\u00e9nek 21. cikk\u00e9ben \u00edrt m\u00f3don.<\/p>\n\n\n\n<p><strong>Az adatkezel\u0151t\u0151l a fenti adatokr\u00f3l t\u00e1j\u00e9koztat\u00e1st k\u00e9rhet az al\u00e1bbi c\u00edmen, e-mail c\u00edmen:<\/strong><\/p>\n\n\n\n<p><strong>Bics\u00e1k Rita egy\u00e9ni v\u00e1llalkoz\u00f3 2071 P\u00e1ty, Tulip\u00e1n u. 44.<\/strong><\/p>\n\n\n\n<p><strong>E-mail: <a href=\"mailto:morcsi@morcsimuhely.hu\">info@lenfonal.hu<\/a><\/strong><\/p>\n\n\n\n<p>Az adatkezel\u0151 ez\u00faton t\u00e1j\u00e9koztatja \u00d6nt, hogy megkeres\u00e9s\u00e9re 30 napon bel\u00fcl v\u00e1laszol. A postai \u00faton k\u00fcld\u00f6tt t\u00e1j\u00e9koztat\u00e1si k\u00e9relmekre postai \u00faton, az e-mailen k\u00fcld\u00f6tt k\u00e9relmekre, e-mail \u00fatj\u00e1n v\u00e1laszol az \u00e9rintetteknek.<\/p>\n\n\n\n<ul class=\"wp-block-list\">\n<li><strong><span style=\"text-decoration: underline;\">Az \u00e9rintettet megillet\u0151 jog automatiz\u00e1lt d\u00f6nt\u00e9shozatal eset\u00e9n:<\/span><\/strong><\/li>\n<\/ul>\n\n\n\n<p>Az \u00e9rintett jogosult arra, hogy ne terjedjen ki r\u00e1 az olyan, kiz\u00e1r\u00f3lag automatiz\u00e1lt adatkezel\u00e9sen \u2013 ide\u00e9rtve a profilalkot\u00e1st is \u2013 alapul\u00f3 d\u00f6nt\u00e9s hat\u00e1lya, amely r\u00e1 n\u00e9zve joghat\u00e1ssal j\u00e1rna, vagy \u0151t jelent\u0151s m\u00e9rt\u00e9kben \u00e9rinten\u00e9. Automatiz\u00e1lt d\u00f6nt\u00e9shozatal minden olyan elj\u00e1r\u00e1s vagy m\u00f3dszertan, melynek sor\u00e1n technikai automatizmus \u00e9rt\u00e9keli ki az \u00e9rintett szem\u00e9lyes jellemz\u0151it \u00e9s amely r\u00e1 n\u00e9zve joghat\u00e1ssal j\u00e1r vagy \u0151t jelent\u0151s m\u00e9rt\u00e9kben \u00e9rinti. Az adatkezel\u0151 nem alkalmaz olyan profiloz\u00e1sra is alkalmas informatikai automatizmusokat, melyek az \u00e9rintett jogaira n\u00e9zve jelent\u0151s kihat\u00e1ssal b\u00edrnak.<\/p>\n\n\n\n<p><strong>Az adatkezel\u0151t\u0151l a fenti adatokr\u00f3l t\u00e1j\u00e9koztat\u00e1st k\u00e9rhet az al\u00e1bbi c\u00edmen, e-mail c\u00edmen:<\/strong><\/p>\n\n\n\n<p><strong>Bics\u00e1k Rita egy\u00e9ni v\u00e1llalkoz\u00f3 2071 P\u00e1ty, Tulip\u00e1n u. 44.<\/strong><\/p>\n\n\n\n<p><strong>E-mail: <a href=\"mailto:morcsi@morcsimuhely.hu\">info@lenfonal.hu<\/a><\/strong><\/p>\n\n\n\n<p>Az adatkezel\u0151 ez\u00faton t\u00e1j\u00e9koztatja \u00d6nt, hogy megkeres\u00e9s\u00e9re 30 napon bel\u00fcl v\u00e1laszol. A postai \u00faton k\u00fcld\u00f6tt t\u00e1j\u00e9koztat\u00e1si k\u00e9relmekre postai \u00faton, az e-mailen k\u00fcld\u00f6tt k\u00e9relmekre, e-mail \u00fatj\u00e1n v\u00e1laszol az \u00e9rintetteknek.<\/p>\n\n\n\n<p>Az adatkezel\u0151 v\u00e1llalja, hogy minden olyan c\u00edmzettet t\u00e1j\u00e9koztat a fenti jogokkal kapcsolatban r\u00e9sz\u00e9re k\u00fcld\u00f6tt k\u00e9relmekr\u0151l, akivel a szem\u00e9lyes adatokat k\u00f6z\u00f6lte, kiv\u00e9ve, ha ez lehetetlennek bizonyul. V\u00e1llalja tov\u00e1bb\u00e1, hogy a fenti k\u00e9relmek elint\u00e9z\u00e9s\u00e9r\u0151l az azokkal kapcsolatos d\u00f6nt\u00e9sr\u0151l legk\u00e9s\u0151bb 30 napon bel\u00fcl \u00e9rtes\u00edti az \u00e9rintettet (k\u00e9relmez\u0151t).<\/p>\n\n\n\n<h2 class=\"wp-block-heading\">18. <strong><u>Adatv\u00e9delmi incidens:<\/u><\/strong><\/h2>\n\n\n\n<p>Adatv\u00e9delmi incidensnek min\u0151s\u00fcl a biztons\u00e1g olyan s\u00e9r\u00fcl\u00e9se, amely a tov\u00e1bb\u00edtott, t\u00e1rolt vagy m\u00e1s m\u00f3don kezelt szem\u00e9lyes adatok v\u00e9letlen vagy jogellenes megsemmis\u00edt\u00e9s\u00e9t, elveszt\u00e9s\u00e9t, megv\u00e1ltoztat\u00e1s\u00e1t, jogosulatlan k\u00f6zl\u00e9s\u00e9t, az azokhoz val\u00f3 jogosulatlan hozz\u00e1f\u00e9r\u00e9st eredm\u00e9nyezi.<\/p>\n\n\n\n<p>Adatv\u00e9delmi incidens eset\u00e9n az adatbiztons\u00e1g s\u00e9r\u00fcl\u00e9s\u00e9nek komoly vesz\u00e9llyel fenyeget\u0151 szint\u0171nek kell lennie, teh\u00e1t a s\u00e9r\u00fcl\u00e9snek olyan fok\u00fanak kell lennie, amely a szem\u00e9lyes adatok:<\/p>\n\n\n\n<ul class=\"wp-block-list\">\n<li>megsemmis\u00fcl\u00e9s\u00e9vel,<\/li>\n\n\n\n<li>elveszt\u00e9s\u00e9vel,<\/li>\n\n\n\n<li>megv\u00e1ltoztat\u00e1s\u00e1val,<\/li>\n\n\n\n<li>jogosulatlan k\u00f6zl\u00e9s\u00e9vel vagy<\/li>\n\n\n\n<li>jogosulatlan hozz\u00e1f\u00e9r\u00e9s\u00e9vel j\u00e1r egy\u00fctt.<\/li>\n<\/ul>\n\n\n\n<p>Incidensnek min\u0151s\u00fcl, ha a fentiek k\u00f6z\u00fcl b\u00e1rmelyik bek\u00f6vetkezik, de ez nem z\u00e1rja ki, hogy t\u00f6bb pont is megval\u00f3suljon egyszerre. Nem csup\u00e1n a sz\u00e1nd\u00e9kos, rosszindulat\u00fa magatart\u00e1sok tartoznak e k\u00f6rbe, hanem a gondatlans\u00e1gb\u00f3l elk\u00f6vetett s\u00e9r\u00fcl\u00e9sek is. Az incidens teh\u00e1t akkor k\u00f6vetkezik be, ha v\u00e9letlen vagy jogellenes cselekm\u00e9ny okozza.<\/p>\n\n\n\n<p>Adatv\u00e9delmi incidensnek min\u0151s\u00fclnek p\u00e9ld\u00e1ul:<\/p>\n\n\n\n<ul class=\"wp-block-list\">\n<li>szem\u00e9lyes adatok dokumentumon, hordozhat\u00f3 eszk\u00f6z\u00f6n, adathordoz\u00f3n vagy informatikai rendszeren (pl. levelez\u00e9ssel) t\u00f6rt\u00e9n\u0151 illeg\u00e1lis tov\u00e1bb\u00edt\u00e1sa,<\/li>\n\n\n\n<li>illet\u00e9ktelen hozz\u00e1f\u00e9r\u00e9sek szem\u00e9lyes adatokat kezel\u0151 informatikai rendszerhez vagy alkalmaz\u00e1shoz,<\/li>\n\n\n\n<li>szem\u00e9lyes adatokat tartalmaz\u00f3 adatb\u00e1zis r\u00e9sz\u00e9nek vagy eg\u00e9sz\u00e9nek s\u00e9r\u00fcl\u00e9se, vagy elveszt\u00e9se,<\/li>\n\n\n\n<li>az informatikai rendszer r\u00e9sz\u00e9nek vagy eg\u00e9sz\u00e9nek haszn\u00e1lhatatlann\u00e1 v\u00e1l\u00e1sa v\u00edrus, vagy egy\u00e9b rosszindulat\u00fa szoftver \u00e1ltal, stb.<\/li>\n<\/ul>\n\n\n\n<p>Az adatv\u00e9delmi incidens megfelel\u0151 \u00e9s kell\u0151 idej\u0171 int\u00e9zked\u00e9s hi\u00e1ny\u00e1ban fizikai, vagyoni, vagy nem vagyoni k\u00e1rokat okozhat a term\u00e9szetes szem\u00e9lyeknek, t\u00f6bbek k\u00f6z\u00f6tt a szem\u00e9lyes adataik feletti rendelkez\u00e9s elveszt\u00e9s\u00e9t, vagy a jogaik korl\u00e1toz\u00e1s\u00e1t, a h\u00e1tr\u00e1nyos megk\u00fcl\u00f6nb\u00f6ztet\u00e9st, a szem\u00e9lyazonoss\u00e1g-lop\u00e1st, vagy a szem\u00e9lyazonoss\u00e1ggal val\u00f3 vissza\u00e9l\u00e9st, a p\u00e9nz\u00fcgyi vesztes\u00e9get, az \u00e1lneves\u00edt\u00e9s enged\u00e9ly n\u00e9lk\u00fcli felold\u00e1s\u00e1t, a j\u00f3 h\u00edrn\u00e9v s\u00e9relm\u00e9t, a szakmai titoktart\u00e1si k\u00f6telezetts\u00e9g \u00e1ltal v\u00e9dett szem\u00e9lyes adatok bizalmas jelleg\u00e9nek s\u00e9r\u00fcl\u00e9s\u00e9t, illetve a sz\u00f3ban forg\u00f3 term\u00e9szetes szem\u00e9lyeket s\u00fajt\u00f3 egy\u00e9b jelent\u0151s gazdas\u00e1gi vagy szoci\u00e1lis h\u00e1tr\u00e1nyt.<\/p>\n\n\n\n<p>Egy esetleges adatv\u00e9delmi incidens bek\u00f6vetkez\u00e9se eset\u00e9n (kiv\u00e9ve, ha az adatv\u00e9delmi incidens val\u00f3sz\u00edn\u0171s\u00edthet\u0151en nem j\u00e1r kock\u00e1zattal a term\u00e9szetes szem\u00e9lyek jogaira \u00e9s szabads\u00e1gaira n\u00e9zve) az adatkezel\u0151 halad\u00e9ktalanul bejelent\u00e9st tesz a Nemzeti Adatv\u00e9delmi \u00e9s Inform\u00e1ci\u00f3szabads\u00e1g Hat\u00f3s\u00e1g fel\u00e9. Amint az incidens az adatkezel\u0151 tudom\u00e1s\u00e1ra jut, azt indokolatlan k\u00e9sedelem n\u00e9lk\u00fcl, \u00e9s ha lehets\u00e9ges, legk\u00e9s\u0151bb 72 \u00f3r\u00e1val azut\u00e1n, hogy az adatv\u00e9delmi incidens a tudom\u00e1s\u00e1ra jutott, bejelenteni k\u00f6teles. Ha a bejelent\u00e9s 72 \u00f3r\u00e1n bel\u00fcl nem tehet\u0151 meg, abban meg kell jel\u00f6lni a k\u00e9sedelem ok\u00e1t, az el\u0151\u00edrt inform\u00e1ci\u00f3kat pedig \u2013 tov\u00e1bbi indokolatlan k\u00e9sedelem n\u00e9lk\u00fcl \u2013 r\u00e9szletekben is k\u00f6z\u00f6lni kell.<\/p>\n\n\n\n<p>Az adatv\u00e9delmi incidens bejelent\u00e9s\u00e9hez a Nemzeti Adatv\u00e9delmi \u00e9s Inform\u00e1ci\u00f3szabads\u00e1g Hat\u00f3s\u00e1g a honlapj\u00e1n k\u00fcl\u00f6n e c\u00e9lra l\u00e9trehozott rendszert \u00fczemeltet, amelyen kereszt\u00fcl a bejelent\u00e9sek elektronikus \u00faton megtehet\u0151k.<\/p>\n\n\n\n<p>Az adatkezel\u0151 nyilv\u00e1ntartja az adatv\u00e9delmi incidenseket, felt\u00fcntetve az adatv\u00e9delmi incidenshez kapcsol\u00f3d\u00f3 t\u00e9nyeket, annak hat\u00e1sait, \u00e9s az orvosl\u00e1s\u00e1ra tett int\u00e9zked\u00e9seket. Az adatkezel\u0151nek nyilv\u00e1n kell tartani az incidensekkel kapcsolatos adatokat, k\u00f6zt\u00fck az okait, a t\u00f6rt\u00e9n\u00e9seket \u00e9s az \u00e9rintett szem\u00e9lyes adatok k\u00f6r\u00e9t. Emellett szerepelnie kell m\u00e9g a nyilv\u00e1ntart\u00e1sban az incidensek hat\u00e1sainak \u00e9s k\u00f6vetkezm\u00e9nyeinek, valamint az orvosl\u00e1sukra tett int\u00e9zked\u00e9seknek \u00e9s az adatkezel\u0151 k\u00f6vetkeztet\u00e9seit is (p\u00e9ld\u00e1ul: mi\u00e9rt gondolja, hogy az incidens nem bejelent\u00e9sk\u00f6teles, vagy ha a bejelent\u00e9s k\u00e9sedelmesen t\u00f6rt\u00e9nik, akkor mi volt a k\u00e9sedelem oka).<\/p>\n\n\n\n<p>Nem sz\u00fcks\u00e9ges bejelenteni a fel\u00fcgyeleti hat\u00f3s\u00e1gnak azt az incidenst, amely val\u00f3sz\u00edn\u0171s\u00edthet\u0151en nem j\u00e1r kock\u00e1zattal a term\u00e9szetes szem\u00e9lyek jogaira \u00e9s szabads\u00e1gaira n\u00e9zve.<\/p>\n\n\n\n<p>Amennyiben az adatv\u00e9delmi incidens val\u00f3sz\u00edn\u0171s\u00edthet\u0151en magas kock\u00e1zattal j\u00e1r az adatkezel\u0151 partnereinek, \u00fcgyfeleinek, v\u00e1s\u00e1rl\u00f3inak jogaira \u00e9s szabads\u00e1gaira n\u00e9zve, halad\u00e9ktalanunk t\u00e1j\u00e9koztatja err\u0151l az \u00e9rintett partnert. Az \u00e9rintett r\u00e9sz\u00e9re adott t\u00e1j\u00e9koztat\u00e1sban vil\u00e1gosan \u00e9s k\u00f6z\u00e9rthet\u0151en ismertetni kell az adatv\u00e9delmi incidens jelleg\u00e9t, \u00e9s k\u00f6z\u00f6lni kell a legfontosabb inform\u00e1ci\u00f3kat \u00e9s int\u00e9zked\u00e9seket.<\/p>\n\n\n\n<p>Az \u00e9rintettet nem kell a fentiek szerint t\u00e1j\u00e9koztatni, ha az al\u00e1bbi felt\u00e9telek b\u00e1rmelyike teljes\u00fcl:<\/p>\n\n\n\n<ul class=\"wp-block-list\">\n<li>az adatkezel\u0151 megfelel\u0151 technikai \u00e9s szervez\u00e9si v\u00e9delmi int\u00e9zked\u00e9seket hajtott v\u00e9gre \u00e9s ezeket az int\u00e9zked\u00e9seket az adatv\u00e9delmi incidens \u00e1ltal \u00e9rintett adatok tekintet\u00e9ben alkalmazt\u00e1k, k\u00fcl\u00f6n\u00f6sen azokat az int\u00e9zked\u00e9seket, amelyek a szem\u00e9lyes adatokhoz val\u00f3 hozz\u00e1f\u00e9r\u00e9sre fel nem jogos\u00edtott szem\u00e9lyek sz\u00e1m\u00e1ra \u00e9rtelmezhetetlenn\u00e9 teszik az adatokat;<\/li>\n<\/ul>\n\n\n\n<ul class=\"wp-block-list\">\n<li>az adatkezel\u0151 az adatv\u00e9delmi incidenst k\u00f6vet\u0151en olyan tov\u00e1bbi int\u00e9zked\u00e9seket tett, amelyek biztos\u00edtj\u00e1k, hogy az \u00e9rintett jogaira \u00e9s szabads\u00e1gaira jelentett magas kock\u00e1zat a tov\u00e1bbiakban val\u00f3sz\u00edn\u0171s\u00edthet\u0151en nem val\u00f3sul meg;<\/li>\n<\/ul>\n\n\n\n<ul class=\"wp-block-list\">\n<li>a t\u00e1j\u00e9koztat\u00e1s ar\u00e1nytalan er\u0151fesz\u00edt\u00e9st tenne sz\u00fcks\u00e9gess\u00e9. Ilyen esetekben az \u00e9rintetteket nyilv\u00e1nosan k\u00f6zz\u00e9tett inform\u00e1ci\u00f3k \u00fatj\u00e1n kell t\u00e1j\u00e9koztatni, vagy olyan hasonl\u00f3 int\u00e9zked\u00e9st kell hozni, amely biztos\u00edtja az \u00e9rtintettek hasonl\u00f3an hat\u00e9kony t\u00e1j\u00e9koztat\u00e1s\u00e1t.<\/li>\n<\/ul>\n\n\n\n<h2 class=\"wp-block-heading\">19. <strong><u>T\u00e1j\u00e9koztat\u00f3 a legfontosabb vonatkoz\u00f3 jogszab\u00e1lyokr\u00f3l:<\/u><\/strong><\/h2>\n\n\n\n<ul class=\"wp-block-list\">\n<li>2011. \u00e9vi CXII. t\u00f6rv\u00e9ny &#8211; az inform\u00e1ci\u00f3s \u00f6nrendelkez\u00e9si jogr\u00f3l \u00e9s az inform\u00e1ci\u00f3-szabads\u00e1gr\u00f3l (Info. tv.);<\/li>\n\n\n\n<li>Az Eur\u00f3pai Parlament \u00e9s a Tan\u00e1cs (EU) 2016\/679 rendelete (2016. \u00e1prilis 27.) \u2013 a term\u00e9szetes szem\u00e9lyeknek a szem\u00e9lyes adatok kezel\u00e9se tekintet\u00e9ben t\u00f6rt\u00e9n\u0151 v\u00e9delm\u00e9r\u0151l \u00e9s az ilyen adatok szabad \u00e1raml\u00e1s\u00e1r\u00f3l, valamint a 95\/46\/EK rendelet hat\u00e1lyon k\u00edv\u00fcl helyez\u00e9s\u00e9r\u0151l (\u00e1ltal\u00e1nos adatv\u00e9delmi rendelet, GDPR);<\/li>\n\n\n\n<li>2013. \u00e9vi V. t\u00f6rv\u00e9ny \u2013 a Polg\u00e1ri T\u00f6rv\u00e9nyk\u00f6nyvr\u0151l (Ptk.);<\/li>\n\n\n\n<li>1995. \u00e9vi CXVII. t\u00f6rv\u00e9ny \u2013 a szem\u00e9lyi j\u00f6vedelemad\u00f3r\u00f3l (SZJA).<\/li>\n<\/ul>\n\n\n\n<h2 class=\"wp-block-heading\">20. <strong><u>B\u00edr\u00f3s\u00e1ghoz fordul\u00e1s joga:<\/u><\/strong><\/h2>\n\n\n\n<p>Az \u00e9rintett a jogainak megs\u00e9rt\u00e9se eset\u00e9n az adatkezel\u0151 ellen b\u00edr\u00f3s\u00e1ghoz fordulhat. A b\u00edr\u00f3s\u00e1g az \u00fcgyben soron k\u00edv\u00fcl j\u00e1r el.<\/p>\n\n\n\n<h2 class=\"wp-block-heading\">21. <strong><u>Adatv\u00e9delmi hat\u00f3s\u00e1gi elj\u00e1r\u00e1s:<\/u><\/strong><\/h2>\n\n\n\n<p>Panasszal a Nemzeti Adatv\u00e9delmi \u00e9s Inform\u00e1ci\u00f3szabads\u00e1g Hat\u00f3s\u00e1gn\u00e1l lehet \u00e9lni:<\/p>\n\n\n\n<p><strong><u>N\u00e9v:<\/u><\/strong><strong> &nbsp;&nbsp;&nbsp;&nbsp;&nbsp;&nbsp;&nbsp;&nbsp;&nbsp;&nbsp;&nbsp;&nbsp;&nbsp;&nbsp;&nbsp;&nbsp;&nbsp;&nbsp;&nbsp;&nbsp;&nbsp;&nbsp;&nbsp;&nbsp;&nbsp; Nemzeti Adatv\u00e9delmi \u00e9s Inform\u00e1ci\u00f3szabads\u00e1g Hat\u00f3s\u00e1g<\/strong><\/p>\n\n\n\n<p><strong><u>Sz\u00e9khely:<\/u> &nbsp;&nbsp;&nbsp;&nbsp;&nbsp;&nbsp;&nbsp;&nbsp;&nbsp;&nbsp;&nbsp;&nbsp;&nbsp;&nbsp;&nbsp;&nbsp;&nbsp; <strong>1055 Budapest, Falk Miksa utca 9-11.<\/strong><\/strong><\/p>\n\n\n\n<p><strong><u>Levelez\u00e9si c\u00edm:<\/u> &nbsp;&nbsp;&nbsp;&nbsp;&nbsp;&nbsp;&nbsp; <strong>1363 Budapest, Pf. 9.<\/strong><\/strong><\/p>\n\n\n\n<p><strong><u>Telefon:<\/u><\/strong><strong> &nbsp;&nbsp;&nbsp;&nbsp;&nbsp;&nbsp;&nbsp;&nbsp;&nbsp;&nbsp;&nbsp;&nbsp;&nbsp;&nbsp;&nbsp;&nbsp;&nbsp;&nbsp;&nbsp; 0613911400<\/strong><\/p>\n\n\n\n<p><strong><u>Fax:<\/u><\/strong><strong> &nbsp;&nbsp;&nbsp;&nbsp;&nbsp;&nbsp;&nbsp;&nbsp;&nbsp;&nbsp;&nbsp;&nbsp;&nbsp;&nbsp;&nbsp;&nbsp;&nbsp;&nbsp;&nbsp;&nbsp;&nbsp;&nbsp;&nbsp;&nbsp;&nbsp;&nbsp; 0613911410<\/strong><\/p>\n\n\n\n<p><strong><u>E-mail:<\/u><\/strong><strong> &nbsp;&nbsp;&nbsp;&nbsp;&nbsp;&nbsp;&nbsp;&nbsp;&nbsp;&nbsp;&nbsp;&nbsp;&nbsp;&nbsp;&nbsp;&nbsp;&nbsp;&nbsp;&nbsp;&nbsp;&nbsp; <a href=\"mailto:ugyfelszolgalat@naih.hu\">ugyfelszolgalat@naih.hu<\/a><\/strong><\/p>\n\n\n\n<p><strong><u>Honlap:<\/u><\/strong><strong> &nbsp;&nbsp;&nbsp;&nbsp;&nbsp;&nbsp;&nbsp;&nbsp;&nbsp;&nbsp;&nbsp;&nbsp;&nbsp;&nbsp;&nbsp;&nbsp;&nbsp;&nbsp;&nbsp;&nbsp; <a href=\"http:\/\/www.naih.hu\">http:\/\/www.naih.hu<\/a><\/strong><\/p>\n\n\n\n<h2 class=\"wp-block-heading\">22. <strong><u>Egy\u00e9b rendelkez\u00e9sek:<\/u><\/strong><\/h2>\n\n\n\n<p>Az adatkezel\u0151 az e t\u00e1j\u00e9koztat\u00f3ban fel nem sorolt adatkezel\u00e9sekr\u0151l az adat felv\u00e9telekor ad t\u00e1j\u00e9koztat\u00e1st. Ilyen esetekben a hat\u00e1lyos jogszab\u00e1lyok rendelkez\u00e9seit tekinti ir\u00e1nyad\u00f3nak.<\/p>\n\n\n\n<p>Az adatkezel\u0151 ez\u00faton t\u00e1j\u00e9koztatja \u00fcgyfeleit, partnereit, v\u00e1s\u00e1rl\u00f3it, hogy a b\u00edr\u00f3s\u00e1g, az \u00fcgy\u00e9sz, a nyomoz\u00f3 hat\u00f3s\u00e1g, a szab\u00e1lys\u00e9rt\u00e9si hat\u00f3s\u00e1g, a k\u00f6zigazgat\u00e1si hat\u00f3s\u00e1g, a Nemzeti Adatv\u00e9delmi \u00e9s Inform\u00e1ci\u00f3szabads\u00e1g Hat\u00f3s\u00e1g, a Magyar Nemzeti Bank, illet\u0151leg jogszab\u00e1ly felhatalmaz\u00e1sa alapj\u00e1n m\u00e1s szervek t\u00e1j\u00e9koztat\u00e1s ad\u00e1sa, adatok k\u00f6zl\u00e9se, \u00e1tad\u00e1sa, illet\u0151leg iratok rendelkez\u00e9sre bocs\u00e1t\u00e1sa v\u00e9gett megkereshetik az adatkezel\u0151t. Az adatkezel\u0151 a hat\u00f3s\u00e1gok r\u00e9sz\u00e9re \u2013 amennyiben a hat\u00f3s\u00e1g a pontos c\u00e9lt \u00e9s az adatok k\u00f6r\u00e9t megjel\u00f6lte \u2013 szem\u00e9lyes adatot csak annyit \u00e9s olyan m\u00e9rt\u00e9kben ad ki, amely a megkeres\u00e9s c\u00e9lj\u00e1nak megval\u00f3s\u00edt\u00e1s\u00e1hoz elengedhetetlen\u00fcl sz\u00fcks\u00e9ges.<\/p>\n\n\n\n<p>Az Adatv\u00e9delmi Hat\u00f3s\u00e1g weboldala tov\u00e1bbi inform\u00e1ci\u00f3kat tartalmaz a jelen Adatkezel\u00e9si T\u00e1j\u00e9koztat\u00f3ban hivatkozott adatv\u00e9delmi jogokr\u00f3l.<\/p>\n\n\n\n<p>P\u00e1ty, 2021. augusztus 16.<\/p>\n\n\n\n<p><strong>Bics\u00e1k Rita<\/strong><\/p>\n\n\n\n<p><strong>egy\u00e9ni v\u00e1llalkoz\u00f3<\/strong><strong><br><\/strong><\/p>\n\n\n\n<ol class=\"wp-block-list\" type=\"1\">\n<li>SZ\u00c1M\u00da MELL\u00c9KLET<\/li>\n<\/ol>\n\n\n\n<figure class=\"wp-block-table\"><table><tbody><tr><td><strong>Ssz.<\/strong><\/td><td><strong>Szem\u00e9lyes adat kezel\u00e9s\u00e9nek megnevez\u00e9se<\/strong><\/td><td><strong>Az adatkezel\u00e9s c\u00e9lja<\/strong><\/td><td><strong>Az adatkezel\u00e9s jogalapja<\/strong><\/td><td><strong>A szem\u00e9lyes adat t\u00f6rl\u00e9s\u00e9re nyitva \u00e1ll\u00f3 hat\u00e1rid\u0151<\/strong><\/td><\/tr><tr><td><strong>1.<\/strong><\/td><td>A v\u00e1s\u00e1rl\u00e1s sor\u00e1n megadott szem\u00e9lyes adatok (n\u00e9v, c\u00edm, e-mail c\u00edm, telefonsz\u00e1m).<\/td><td>A szerz\u0151d\u00e9s teljes\u00edt\u00e9se \u00e9rdek\u00e9ben, kapcsolattart\u00e1s c\u00e9lj\u00e1b\u00f3l.<\/td><td>A szerz\u0151d\u00e9s teljes\u00edt\u00e9se (\u00c1ltal\u00e1nos Adatv\u00e9delmi Rendelet 6. cikk (1) bekezd\u00e9s b) pont).<\/td><td>A jogszab\u00e1lyban el\u0151\u00edrt meg\u0151rz\u00e9si k\u00f6telezetts\u00e9g (5 \u00e9v) letelt\u00e9t k\u00f6vet\u0151 30 napon bel\u00fcl.<\/td><\/tr><tr><td><strong>2.<\/strong><\/td><td>A v\u00e1s\u00e1rl\u00e1s sor\u00e1n a jogi szem\u00e9ly kapcsolattart\u00f3j\u00e1nak szem\u00e9lyes adatai (n\u00e9v, e-mail c\u00edm, telefonsz\u00e1m).<\/td><td>Szerz\u0151d\u00e9ses k\u00f6telezetts\u00e9g teljes\u00edt\u00e9se, kapcsolattart\u00e1s \u00e9rdek\u00e9ben.<\/td><td>Az \u00e9rintett hozz\u00e1j\u00e1rul\u00e1sa alapj\u00e1n (\u00c1ltal\u00e1nos Adatv\u00e9delmi Rendelet 6. cikk (1) bekezd\u00e9s a) pont).<\/td><td>A hozz\u00e1j\u00e1rul\u00e1s visszavon\u00e1sa eset\u00e9n, halad\u00e9ktalanul. A szerz\u0151d\u00e9s megsz\u0171n\u00e9s\u00e9t k\u00f6vet\u0151 10 munkanapon bel\u00fcl, kiv\u00e9ve, ha jogszab\u00e1ly rendelkezik a szerz\u0151d\u00e9ssel kapcsolatban meg\u0151rz\u00e9si k\u00f6telezetts\u00e9gr\u0151l (a k\u00f6telezetts\u00e9g letelt\u00e9t k\u00f6vet\u0151 30 napon bel\u00fcl).<\/td><\/tr><tr><td><strong>3.<\/strong><\/td><td>A v\u00e1s\u00e1rl\u00f3k (term\u00e9szetes szem\u00e9ly, egy\u00e9ni v\u00e1llalkoz\u00f3 eset\u00e9n) sz\u00e1m\u00e1ra ki\u00e1ll\u00edtott sz\u00e1ml\u00e1n szerepl\u0151 szem\u00e9lyes adatok.<\/td><td>Jogszab\u00e1lyban \u00edrt k\u00f6telezetts\u00e9g, a sz\u00e1mla ki\u00e1ll\u00edt\u00e1sa.<\/td><td>Jogszab\u00e1lyon alapul\u00f3 k\u00f6telezetts\u00e9g teljes\u00edt\u00e9se (\u00c1ltal\u00e1nos Adatv\u00e9delmi Rendelet 6. cikk (1) bekezd\u00e9s c) pont).<\/td><td>A jogszab\u00e1lyban el\u0151\u00edrt meg\u0151rz\u00e9si k\u00f6telezetts\u00e9g (5 \u00e9v) letelt\u00e9t k\u00f6vet\u0151 30 napon bel\u00fcl.<\/td><\/tr><tr><td><strong>4.<\/strong><\/td><td>Be\u00e9rkez\u0151 e-mailekkel (felad\u00f3k e-mail c\u00edm\u00e9vel), telefonsz\u00e1mokkal kapcsolatos adatkezel\u00e9s.<\/td><td>Szerz\u0151d\u00e9ses k\u00f6telezetts\u00e9g teljes\u00edt\u00e9se \u00e9rdek\u00e9ben, vagy hozz\u00e1j\u00e1rul\u00e1s alapj\u00e1n.<\/td><td>Szerz\u0151d\u00e9sben v\u00e1llalt k\u00f6telezetts\u00e9g teljes\u00edt\u00e9se (\u00c1ltal\u00e1nos Adatv\u00e9delmi Rendelet 6. cikk (1) bekezd\u00e9s b) pont), vagy az \u00e9rintett hozz\u00e1j\u00e1rul\u00e1sa (\u00c1ltal\u00e1nos Adatv\u00e9delmi Rendelet 6. cikk (1) bekezd\u00e9s a) pont).<\/td><td>A feladat elv\u00e9gz\u00e9s\u00e9t k\u00f6vet\u0151 10 munkanapon bel\u00fcl, vagy a hozz\u00e1j\u00e1rul\u00e1s visszavon\u00e1s\u00e1t k\u00f6vet\u0151en halad\u00e9ktalanul, max. 3 munkanapon bel\u00fcl.<\/td><\/tr><tr><td><strong>5.<\/strong><\/td><td>A sz\u00e1ll\u00edt\u00f3k, szolg\u00e1ltat\u00f3k, alv\u00e1llalkoz\u00f3k szem\u00e9lyes adatai (mag\u00e1nszem\u00e9ly, vagy egy\u00e9ni v\u00e1llalkoz\u00f3 eset\u00e9n).<\/td><td>Szerz\u0151d\u00e9ses k\u00f6telezetts\u00e9g teljes\u00edt\u00e9se \u00e9rdek\u00e9ben.<\/td><td>Szerz\u0151d\u00e9sben v\u00e1llalt k\u00f6telezetts\u00e9g teljes\u00edt\u00e9se (\u00c1ltal\u00e1nos Adatv\u00e9delmi Rendelet 6. cikk (1) bekezd\u00e9s b) pont).<\/td><td>A jogszab\u00e1lyban el\u0151\u00edrt meg\u0151rz\u00e9si k\u00f6telezetts\u00e9g (5 \u00e9v) letelt\u00e9t k\u00f6vet\u0151n 30 napon bel\u00fcl.<\/td><\/tr><tr><td><strong>6.<\/strong><\/td><td>A sz\u00e1ll\u00edt\u00f3 c\u00e9gek, szolg\u00e1ltat\u00f3k, alv\u00e1llalkoz\u00f3 kapcsolattart\u00f3inak szem\u00e9lyes adatai.<\/td><td>Szerz\u0151d\u00e9ses k\u00f6telezetts\u00e9g teljes\u00edt\u00e9se \u00e9rdek\u00e9ben.<\/td><td>Az \u00e9rintett hozz\u00e1j\u00e1rul\u00e1sa alapj\u00e1n (\u00c1ltal\u00e1nos Adatv\u00e9delmi Rendelet 6. cikk (1) bekezd\u00e9s a) pont).<\/td><td>A hozz\u00e1j\u00e1rul\u00e1s visszavon\u00e1sa eset\u00e9n, halad\u00e9ktalanul. A szerz\u0151d\u00e9s megsz\u0171n\u00e9s\u00e9t k\u00f6vet\u0151 10 munkanapon bel\u00fcl, kiv\u00e9ve, ha jogszab\u00e1ly rendelkezik a szerz\u0151d\u00e9ssel kapcsolatban meg\u0151rz\u00e9si k\u00f6telezetts\u00e9gr\u0151l (a k\u00f6telezetts\u00e9g letelt\u00e9t k\u00f6vet\u0151 30 napon bel\u00fcl).<\/td><\/tr><tr><td><strong>7.<\/strong><\/td><td>A weboldal \u00e1ltal kezelt cookie-k adatgy\u0171jt\u00e9se sor\u00e1n r\u00f6gz\u00edtett szem\u00e9lyes adatok.<\/td><td>A felhaszn\u00e1l\u00f3i \u00e9lm\u00e9ny n\u00f6vel\u00e9se, a weboldal fejleszt\u00e9se, statisztikai c\u00e9l.<\/td><td>Az \u00e9rintett hozz\u00e1j\u00e1rul\u00e1sa alapj\u00e1n (\u00c1ltal\u00e1nos Adatv\u00e9delmi Rendelet 6. cikk (1) bekezd\u00e9s a) pont).<\/td><td>A hozz\u00e1j\u00e1rul\u00e1s visszavon\u00e1s\u00e1t k\u00f6vet\u0151en halad\u00e9ktalanul, de legk\u00e9s\u0151bb 3 munkanapon bel\u00fcl.<\/td><\/tr><tr><td><strong>8.<\/strong><\/td><td>A weboldalon tal\u00e1lhat\u00f3 blogbejegyz\u00e9sekhez val\u00f3 hozz\u00e1sz\u00f3l\u00e1s sor\u00e1n megadott szem\u00e9lyes adatok (n\u00e9v, e-mail c\u00edm).<\/td><td>A hozz\u00e1sz\u00f3l\u00e1s felt\u00fcntet\u00e9se, regisztr\u00e1ci\u00f3 \u00e9rdek\u00e9ben.<\/td><td>Az \u00e9rintett hozz\u00e1j\u00e1rul\u00e1sa (\u00c1ltal\u00e1nos Adatv\u00e9delmi Rendelet 6. cikk (1) bekezd\u00e9s a) pont).<\/td><td>A hozz\u00e1j\u00e1rul\u00e1s visszavon\u00e1s\u00e1t k\u00f6vet\u0151en halad\u00e9ktalanul, de legk\u00e9s\u0151bb 3 munkanapon bel\u00fcl.<\/td><\/tr><tr><td><strong>9.<\/strong><\/td><td>A k\u00f6z\u00f6ss\u00e9gi oldalak haszn\u00e1lata sor\u00e1n az adatkezel\u0151 tudom\u00e1s\u00e1ra jutott szem\u00e9lyes adatok.<\/td><td>A tev\u00e9kenys\u00e9g \u00e9s a term\u00e9kek n\u00e9pszer\u0171s\u00edt\u00e9se \u00e9rdek\u00e9ben.<\/td><td>Az \u00e9rintett hozz\u00e1j\u00e1rul\u00e1sa (\u00c1ltal\u00e1nos Adatv\u00e9delmi Rendelet 6. cikk (1) bekezd\u00e9s a) pont).<\/td><td>A hozz\u00e1j\u00e1rul\u00e1s visszavon\u00e1s\u00e1t k\u00f6vet\u0151en halad\u00e9ktalanul.<\/td><\/tr><tr><td><strong>10.<\/strong><\/td><td>A panaszkezel\u00e9s sor\u00e1n megismert szem\u00e9lyes adatok.<\/td><td>A panasz beazonos\u00edt\u00e1sa \u00e9s kezel\u00e9se \u00e9rdek\u00e9ben.<\/td><td>A jogszab\u00e1lyban \u00edrt k\u00f6telezetts\u00e9g teljes\u00edt\u00e9se (\u00c1ltal\u00e1nos Adatv\u00e9delmi Rendelet 6. cikk (1) bekezd\u00e9s c) pont).<\/td><td>A jogszab\u00e1lyban el\u0151\u00edrt meg\u0151rz\u00e9si k\u00f6telezetts\u00e9g (5 \u00e9v) letelt\u00e9t k\u00f6vet\u0151n 30 napon bel\u00fcl.<\/td><\/tr><\/tbody><\/table><\/figure>\n","protected":false},"excerpt":{"rendered":"<p>BICS\u00c1K RITA Egy\u00e9ni v\u00e1llalkoz\u00f3 HAT\u00c1LYOS:2021. augusztus 16. napj\u00e1t\u00f3lvisszavon\u00e1sig 1. Az adatkezel\u0151 adatai: V\u00e1llalkoz\u00f3 neve: &nbsp;&nbsp;&nbsp;&nbsp;&nbsp; &nbsp;&nbsp;&nbsp;&nbsp;&nbsp;&nbsp;&nbsp;&nbsp;&nbsp;&nbsp;&nbsp; Bics\u00e1k Rita egy\u00e9ni v\u00e1llalkoz\u00f3 Sz\u00e9khely: &nbsp;&nbsp;&nbsp;&nbsp;&nbsp;&nbsp;&nbsp;&nbsp;&nbsp;&nbsp;&nbsp;&nbsp;&nbsp;&nbsp;&nbsp;&nbsp;&nbsp; &nbsp;&nbsp;&nbsp;&nbsp;&nbsp;&nbsp;&nbsp;&nbsp;&nbsp;&nbsp;&nbsp; 2071 P\u00e1ty, Tulip\u00e1n u. 44. Ad\u00f3sz\u00e1m: &nbsp;&nbsp;&nbsp;&nbsp;&nbsp;&nbsp;&nbsp;&nbsp;&nbsp;&nbsp;&nbsp;&nbsp;&nbsp;&nbsp;&nbsp;&nbsp; &nbsp;&nbsp;&nbsp;&nbsp;&nbsp;&nbsp;&nbsp;&nbsp;&nbsp;&nbsp;&nbsp; 69367005-1-33 Nyilv\u00e1ntart\u00e1si sz\u00e1m:&nbsp;&nbsp;&nbsp;&nbsp;&nbsp;&nbsp;&nbsp;&nbsp;&nbsp;&nbsp;&nbsp; 53079893 Telefonsz\u00e1m: &nbsp;&nbsp;&nbsp;&nbsp;&nbsp;&nbsp;&nbsp;&nbsp;&nbsp;&nbsp;&nbsp;&nbsp;&nbsp;&nbsp;&nbsp;&nbsp;&nbsp;&nbsp;&nbsp;&nbsp;&nbsp;&nbsp; +3670\/218 9040 E-mail c\u00edm: &nbsp;&nbsp;&nbsp;&nbsp;&nbsp;&nbsp;&nbsp;&nbsp;&nbsp;&nbsp;&nbsp;&nbsp;&nbsp;&nbsp; &nbsp;&nbsp;&nbsp;&nbsp;&nbsp;&nbsp;&nbsp;&nbsp;&nbsp;&nbsp;&nbsp; info@lenfonal.hu 2. Az Adatkezel\u00e9si T\u00e1j\u00e9koztat\u00f3 c\u00e9lja: Az adatkezel\u0151 mag\u00e1ra n\u00e9zve k\u00f6telez\u0151nek ismeri &hellip; <\/p>\n<p class=\"link-more\"><a href=\"https:\/\/lenfonal.hu\/index.php\/privacy-policy\/\" class=\"more-link\">Continue reading<span class=\"screen-reader-text\"> &#8222;Adatkezel\u00e9si T\u00e1j\u00e9koztat\u00f3 (GDPR)&#8221;<\/span><\/a><\/p>\n","protected":false},"author":2,"featured_media":0,"parent":0,"menu_order":0,"comment_status":"closed","ping_status":"closed","template":"","meta":{"footnotes":""},"class_list":["post-3","page","type-page","status-publish","hentry"],"_links":{"self":[{"href":"https:\/\/lenfonal.hu\/index.php\/wp-json\/wp\/v2\/pages\/3","targetHints":{"allow":["GET"]}}],"collection":[{"href":"https:\/\/lenfonal.hu\/index.php\/wp-json\/wp\/v2\/pages"}],"about":[{"href":"https:\/\/lenfonal.hu\/index.php\/wp-json\/wp\/v2\/types\/page"}],"author":[{"embeddable":true,"href":"https:\/\/lenfonal.hu\/index.php\/wp-json\/wp\/v2\/users\/2"}],"replies":[{"embeddable":true,"href":"https:\/\/lenfonal.hu\/index.php\/wp-json\/wp\/v2\/comments?post=3"}],"version-history":[{"count":16,"href":"https:\/\/lenfonal.hu\/index.php\/wp-json\/wp\/v2\/pages\/3\/revisions"}],"predecessor-version":[{"id":3344,"href":"https:\/\/lenfonal.hu\/index.php\/wp-json\/wp\/v2\/pages\/3\/revisions\/3344"}],"wp:attachment":[{"href":"https:\/\/lenfonal.hu\/index.php\/wp-json\/wp\/v2\/media?parent=3"}],"curies":[{"name":"wp","href":"https:\/\/api.w.org\/{rel}","templated":true}]}}